{"version":"1.0","provider_name":"Fundaci\u00f3 Gala - Salvador Dal\u00ed","provider_url":"https:\/\/www.salvador-dali.org\/ca\/","title":"La dona visible - Fundaci\u00f3 Gala - Salvador Dal\u00ed","type":"rich","width":600,"height":338,"html":"<blockquote class=\"wp-embedded-content\" data-secret=\"xiEgjPAKkU\"><a href=\"https:\/\/www.salvador-dali.org\/ca\/dali-i-gala\/gala\/la-dona-visible\/\">La dona visible<\/a><\/blockquote><iframe sandbox=\"allow-scripts\" security=\"restricted\" src=\"https:\/\/www.salvador-dali.org\/ca\/dali-i-gala\/gala\/la-dona-visible\/embed\/#?secret=xiEgjPAKkU\" width=\"600\" height=\"338\" title=\"&#8220;La dona visible&#8221; &#8212; Fundaci\u00f3 Gala - Salvador Dal\u00ed\" data-secret=\"xiEgjPAKkU\" frameborder=\"0\" marginwidth=\"0\" marginheight=\"0\" scrolling=\"no\" class=\"wp-embedded-content\"><\/iframe><script>\n\/*! This file is auto-generated *\/\n!function(d,l){\"use strict\";l.querySelector&&d.addEventListener&&\"undefined\"!=typeof URL&&(d.wp=d.wp||{},d.wp.receiveEmbedMessage||(d.wp.receiveEmbedMessage=function(e){var t=e.data;if((t||t.secret||t.message||t.value)&&!\/[^a-zA-Z0-9]\/.test(t.secret)){for(var s,r,n,a=l.querySelectorAll('iframe[data-secret=\"'+t.secret+'\"]'),o=l.querySelectorAll('blockquote[data-secret=\"'+t.secret+'\"]'),c=new RegExp(\"^https?:$\",\"i\"),i=0;i<o.length;i++)o[i].style.display=\"none\";for(i=0;i<a.length;i++)s=a[i],e.source===s.contentWindow&&(s.removeAttribute(\"style\"),\"height\"===t.message?(1e3<(r=parseInt(t.value,10))?r=1e3:~~r<200&&(r=200),s.height=r):\"link\"===t.message&&(r=new URL(s.getAttribute(\"src\")),n=new URL(t.value),c.test(n.protocol))&&n.host===r.host&&l.activeElement===s&&(d.top.location.href=t.value))}},d.addEventListener(\"message\",d.wp.receiveEmbedMessage,!1),l.addEventListener(\"DOMContentLoaded\",function(){for(var e,t,s=l.querySelectorAll(\"iframe.wp-embedded-content\"),r=0;r<s.length;r++)(t=(e=s[r]).getAttribute(\"data-secret\"))||(t=Math.random().toString(36).substring(2,12),e.src+=\"#?secret=\"+t,e.setAttribute(\"data-secret\",t)),e.contentWindow.postMessage({message:\"ready\",secret:t},\"*\")},!1)))}(window,document);\n\/\/# sourceURL=https:\/\/www.salvador-dali.org\/wp-includes\/js\/wp-embed.min.js\n<\/script>\n","thumbnail_url":"https:\/\/www.salvador-dali.org\/wp-content\/uploads\/2026\/03\/La-dona-visible-portada-e1769099927643.jpg","thumbnail_width":994,"thumbnail_height":1373,"description":"Quan Gala fa la seva aparici\u00f3 en la vida de Salvador Dal\u00ed, l\u2019estiu de 1929, \u00e9s una de les muses m\u00e9s reconegudes dels surrealisme. La seva influ\u00e8ncia \u00e9s tal, que si un membre del grup obt\u00e9 l\u2019\u00e8xit amb un treball, de seguida corre el rumor que ha estat aix\u00ed perqu\u00e8 s\u2019ha enamorat d\u2019ella. El cert [&hellip;]"}