{"id":91,"date":"2024-12-18T18:34:35","date_gmt":"2024-12-18T16:34:35","guid":{"rendered":"https:\/\/www.salvador-dali.org\/?page_id=91"},"modified":"2025-05-19T12:06:48","modified_gmt":"2025-05-19T10:06:48","slug":"noticies","status":"publish","type":"page","link":"https:\/\/www.salvador-dali.org\/ca\/fundacio-dali\/noticies\/","title":{"rendered":"Not\u00edcies"},"content":{"rendered":"\n<div class=\"wp-block-columns facetwp-filters is-layout-flex wp-container-core-columns-is-layout-9d6595d7 wp-block-columns-is-layout-flex\">\n<div class=\"wp-block-column is-layout-flow wp-block-column-is-layout-flow\"><div class=\"facetwp-facet facetwp-facet-noticia_localitzacio facetwp-type-fselect\" data-name=\"noticia_localitzacio\" data-type=\"fselect\"><\/div>\n<\/div>\n\n\n\n<div class=\"wp-block-column is-layout-flow wp-block-column-is-layout-flow\"><div class=\"facetwp-facet facetwp-facet-noticia_categoria facetwp-type-fselect\" data-name=\"noticia_categoria\" data-type=\"fselect\"><\/div>\n<\/div>\n<\/div>\n\n\n<div class=\"facetwp-template\" data-name=\"noticia\"><ul class=\"fwpl-layout list\">\n  \t<li class=\"grid-item\">\n\n        \t\t\n        <div class=\"item-header\">\n            <figure class=\"image\"><img loading=\"lazy\" decoding=\"async\" width=\"300\" height=\"173\" src=\"https:\/\/www.salvador-dali.org\/wp-content\/uploads\/2026\/03\/3909_DaliPortlligat_RetalladaxWeb2-300x173.jpg\" class=\"attachment-medium size-medium wp-post-image\" alt=\"\" srcset=\"https:\/\/www.salvador-dali.org\/wp-content\/uploads\/2026\/03\/3909_DaliPortlligat_RetalladaxWeb2-300x173.jpg 300w, https:\/\/www.salvador-dali.org\/wp-content\/uploads\/2026\/03\/3909_DaliPortlligat_RetalladaxWeb2.jpg 616w\" sizes=\"auto, (max-width: 300px) 100vw, 300px\" \/><\/figure>\n\n        <\/div>\n        <div class=\"item-content\">\n            <a href=\"https:\/\/www.salvador-dali.org\/ca\/fundacio-dali\/noticia\/la-fundacio-dali-ordena-lobra-escultorica-seriada\/\"><div class=\"title\">La Fundaci\u00f3 Dal\u00ed ordena l&#8217;obra escult\u00f2rica seriada<\/div><\/a>\n\n\n            <div class=\"item-data\">\n                        <\/div>\n            <div class=\"excerpt\">Figueres, 10 de mar\u00e7 de 2026.- La Fundaci\u00f3 Gala-Salvador Dal\u00ed assoleix un acord definitiu per a l\u2019ordenaci\u00f3 de l\u2019obra escult\u00f2rica coneguda com a Col\u00b7lecci\u00f3 Clot. Classifica per primera vegada les ampliacions autoritzades en vida de l\u2019artista pertanyents a aquesta col\u00b7lecci\u00f3 com obra de Salvador Dal\u00ed. Mitjan\u00e7ant aquest acord, la Fundaci\u00f3 regula el mercat, en autoritzar [&hellip;]<\/div>\n        <\/div>\n\t\t\n\t<\/li>\n\t\n  \t<li class=\"grid-item\">\n\n        \t\t\n        <div class=\"item-header\">\n            <figure class=\"image\"><img loading=\"lazy\" decoding=\"async\" width=\"300\" height=\"200\" src=\"https:\/\/www.salvador-dali.org\/wp-content\/uploads\/2026\/03\/Dali-_-Horst-Pubol-009-300x200.jpg\" class=\"attachment-medium size-medium wp-post-image\" alt=\"\" srcset=\"https:\/\/www.salvador-dali.org\/wp-content\/uploads\/2026\/03\/Dali-_-Horst-Pubol-009-300x200.jpg 300w, https:\/\/www.salvador-dali.org\/wp-content\/uploads\/2026\/03\/Dali-_-Horst-Pubol-009-1024x683.jpg 1024w, https:\/\/www.salvador-dali.org\/wp-content\/uploads\/2026\/03\/Dali-_-Horst-Pubol-009-768x512.jpg 768w, https:\/\/www.salvador-dali.org\/wp-content\/uploads\/2026\/03\/Dali-_-Horst-Pubol-009-1536x1024.jpg 1536w, https:\/\/www.salvador-dali.org\/wp-content\/uploads\/2026\/03\/Dali-_-Horst-Pubol-009-2048x1365.jpg 2048w\" sizes=\"auto, (max-width: 300px) 100vw, 300px\" \/><\/figure>\n\n        <\/div>\n        <div class=\"item-content\">\n            <a href=\"https:\/\/www.salvador-dali.org\/ca\/fundacio-dali\/noticia\/nova-exposicio-de-pubol-dali-horst-mirades-creuades\/\"><div class=\"title\">Nova exposici\u00f3 de P\u00fabol: Dal\u00ed\/Horst. Mirades creuades<\/div><\/a>\n\n\n            <div class=\"item-data\">\n                        <\/div>\n            <div class=\"excerpt\">El 3 de mar\u00e7 s\u2019ha presentat als mitjans de comunicaci\u00f3 l\u2019exposici\u00f3 temporal de 2026, que explora la relaci\u00f3 entre Salvador Dal\u00ed i el fot\u00f2graf Horst P. Horst. La presentaci\u00f3 ha anat a c\u00e0rrec del president de la Fundaci\u00f3 Gala-Salvador Dal\u00ed, Jordi Mercader, de la directora dels Museus Dal\u00ed, Montse Aguer, i de les comiss\u00e0ries de [&hellip;]<\/div>\n        <\/div>\n\t\t\n\t<\/li>\n\t\n  \t<li class=\"grid-item\">\n\n        \t\t\n        <div class=\"item-header\">\n            <figure class=\"image\"><img loading=\"lazy\" decoding=\"async\" width=\"230\" height=\"300\" src=\"https:\/\/www.salvador-dali.org\/wp-content\/uploads\/2026\/01\/PortadaDN_CAT_baixares-230x300.jpg\" class=\"attachment-medium size-medium wp-post-image\" alt=\"\" srcset=\"https:\/\/www.salvador-dali.org\/wp-content\/uploads\/2026\/01\/PortadaDN_CAT_baixares-230x300.jpg 230w, https:\/\/www.salvador-dali.org\/wp-content\/uploads\/2026\/01\/PortadaDN_CAT_baixares-786x1024.jpg 786w, https:\/\/www.salvador-dali.org\/wp-content\/uploads\/2026\/01\/PortadaDN_CAT_baixares-768x1000.jpg 768w, https:\/\/www.salvador-dali.org\/wp-content\/uploads\/2026\/01\/PortadaDN_CAT_baixares-1179x1536.jpg 1179w, https:\/\/www.salvador-dali.org\/wp-content\/uploads\/2026\/01\/PortadaDN_CAT_baixares.jpg 1252w\" sizes=\"auto, (max-width: 230px) 100vw, 230px\" \/><\/figure>\n\n        <\/div>\n        <div class=\"item-content\">\n            <a href=\"https:\/\/www.salvador-dali.org\/ca\/fundacio-dali\/noticia\/dali-news-una-nova-revista-de-pensament\/\"><div class=\"title\">Dal\u00ed News, una nova revista de pensament<\/div><\/a>\n\n\n            <div class=\"item-data\">\n            Figueres, 22 de gener de 2026            <\/div>\n            <div class=\"excerpt\">La Fundaci\u00f3 Dal\u00ed llan\u00e7a una nova publicaci\u00f3 inspirada en l'esperit cr\u00edtic i innovador de Dal\u00ed. El primer n\u00famero est\u00e0 dedicat al somni i hi participen 12 creadors de renom internacional.<\/div>\n        <\/div>\n\t\t\n\t<\/li>\n\t\n  \t<li class=\"grid-item\">\n\n        \t\t\n        <div class=\"item-header\">\n            <figure class=\"image\"><img loading=\"lazy\" decoding=\"async\" width=\"238\" height=\"300\" src=\"https:\/\/www.salvador-dali.org\/wp-content\/uploads\/2025\/07\/5068_editora_84_8_1_1024-238x300.jpg\" class=\"attachment-medium size-medium wp-post-image\" alt=\"Foto Eric Schaal. Salvador Dal\u00ed escrivint La vida secreta de Salvador Dal\u00ed a casa de Caresse Crosby, Hampton Manor, Virg\u00ednia,1941.\" srcset=\"https:\/\/www.salvador-dali.org\/wp-content\/uploads\/2025\/07\/5068_editora_84_8_1_1024-238x300.jpg 238w, https:\/\/www.salvador-dali.org\/wp-content\/uploads\/2025\/07\/5068_editora_84_8_1_1024.jpg 500w\" sizes=\"auto, (max-width: 238px) 100vw, 238px\" \/><\/figure>\n\n        <\/div>\n        <div class=\"item-content\">\n            <a href=\"https:\/\/www.salvador-dali.org\/ca\/fundacio-dali\/noticia\/la-fundacio-dali-anuncia-un-programa-internacional-de-beques-de-recerca\/\"><div class=\"title\">La Fundaci\u00f3 Dal\u00ed anuncia un programa internacional de beques de recerca<\/div><\/a>\n\n\n            <div class=\"item-data\">\n                        <\/div>\n            <div class=\"excerpt\">La Fundaci\u00f3 Gala-Salvador Dal\u00ed anuncia l\u2019obertura de la convocat\u00f2ria 2026 del Dal\u00ed Fellowship Programme<\/div>\n        <\/div>\n\t\t\n\t<\/li>\n\t\n  \t<li class=\"grid-item\">\n\n        \t\t\n        <div class=\"item-header\">\n            <figure class=\"image\"><img loading=\"lazy\" decoding=\"async\" width=\"252\" height=\"300\" src=\"https:\/\/www.salvador-dali.org\/wp-content\/uploads\/2025\/12\/i0057_Galatea_de_les_esferes-252x300.jpg\" class=\"attachment-medium size-medium wp-post-image\" alt=\"\" srcset=\"https:\/\/www.salvador-dali.org\/wp-content\/uploads\/2025\/12\/i0057_Galatea_de_les_esferes-252x300.jpg 252w, https:\/\/www.salvador-dali.org\/wp-content\/uploads\/2025\/12\/i0057_Galatea_de_les_esferes-858x1024.jpg 858w, https:\/\/www.salvador-dali.org\/wp-content\/uploads\/2025\/12\/i0057_Galatea_de_les_esferes-768x916.jpg 768w, https:\/\/www.salvador-dali.org\/wp-content\/uploads\/2025\/12\/i0057_Galatea_de_les_esferes-1288x1536.jpg 1288w, https:\/\/www.salvador-dali.org\/wp-content\/uploads\/2025\/12\/i0057_Galatea_de_les_esferes-1717x2048.jpg 1717w\" sizes=\"auto, (max-width: 252px) 100vw, 252px\" \/><\/figure>\n\n        <\/div>\n        <div class=\"item-content\">\n            <a href=\"https:\/\/www.salvador-dali.org\/ca\/fundacio-dali\/noticia\/neix-platform-dali-un-nou-programa-dart-i-ciencia-impulsat-per-la-fundacio-gala-salvador-dali\/\"><div class=\"title\">Neix Platform Dal\u00ed, un  nou  programa d\u2019art  i  ci\u00e8ncia impulsat per la Fundaci\u00f3 Gala-Salvador Dal\u00ed<\/div><\/a>\n\n\n            <div class=\"item-data\">\n                        <\/div>\n            <div class=\"excerpt\">Neix Platform Dal\u00ed, un nou programa d\u2019art i ci\u00e8ncia impulsat per la Fundaci\u00f3 Gala-Salvador Dal\u00ed, dirigit per M\u00f3nica Bello.<\/div>\n        <\/div>\n\t\t\n\t<\/li>\n\t\n  \t<li class=\"grid-item\">\n\n        \t\t\n        <div class=\"item-header\">\n            <figure class=\"image\"><img loading=\"lazy\" decoding=\"async\" width=\"198\" height=\"300\" src=\"https:\/\/www.salvador-dali.org\/wp-content\/uploads\/2025\/07\/i0010a_editora_84_9_1_1024-198x300.jpg\" class=\"attachment-medium size-medium wp-post-image\" alt=\"Salvador Dal\u00ed\" srcset=\"https:\/\/www.salvador-dali.org\/wp-content\/uploads\/2025\/07\/i0010a_editora_84_9_1_1024-198x300.jpg 198w, https:\/\/www.salvador-dali.org\/wp-content\/uploads\/2025\/07\/i0010a_editora_84_9_1_1024.jpg 500w\" sizes=\"auto, (max-width: 198px) 100vw, 198px\" \/><\/figure>\n\n        <\/div>\n        <div class=\"item-content\">\n            <a href=\"https:\/\/www.salvador-dali.org\/ca\/fundacio-dali\/noticia\/la-fundacio-dali-rep-el-suport-del-ministeri-de-cultura-2\/\"><div class=\"title\">La Fundaci\u00f3 Dal\u00ed rep el suport del Ministeri de Cultura<\/div><\/a>\n\n\n            <div class=\"item-data\">\n            Figueres, 10 d\u2019octubre de 2025            <\/div>\n            <div class=\"excerpt\">Per cinqu\u00e8 any consecutiu, la Fundaci\u00f3 Gala-Salvador Dal\u00ed compta amb el suport del Ministeri de Cultura i Esports. De conformitat amb all\u00f2 que disposa Reial Decret 662\/2025, de 22 de juliol (BOE 23 de juliol de 2025), els pressupostos generals de l\u2019Estat han atorgat a la Fundaci\u00f3 Dal\u00ed una assignaci\u00f3 nominativa de 75.000 \u20ac tramitada [&hellip;]<\/div>\n        <\/div>\n\t\t\n\t<\/li>\n\t\n  \t<li class=\"grid-item\">\n\n        \t\t\n        <div class=\"item-header\">\n            <figure class=\"image\"><img loading=\"lazy\" decoding=\"async\" width=\"226\" height=\"300\" src=\"https:\/\/www.salvador-dali.org\/wp-content\/uploads\/2025\/11\/F0482baixa-226x300.jpg\" class=\"attachment-medium size-medium wp-post-image\" alt=\"\" srcset=\"https:\/\/www.salvador-dali.org\/wp-content\/uploads\/2025\/11\/F0482baixa-226x300.jpg 226w, https:\/\/www.salvador-dali.org\/wp-content\/uploads\/2025\/11\/F0482baixa-773x1024.jpg 773w, https:\/\/www.salvador-dali.org\/wp-content\/uploads\/2025\/11\/F0482baixa-768x1018.jpg 768w, https:\/\/www.salvador-dali.org\/wp-content\/uploads\/2025\/11\/F0482baixa-1159x1536.jpg 1159w, https:\/\/www.salvador-dali.org\/wp-content\/uploads\/2025\/11\/F0482baixa-1545x2048.jpg 1545w, https:\/\/www.salvador-dali.org\/wp-content\/uploads\/2025\/11\/F0482baixa.jpg 1923w\" sizes=\"auto, (max-width: 226px) 100vw, 226px\" \/><\/figure>\n\n        <\/div>\n        <div class=\"item-content\">\n            <a href=\"https:\/\/www.salvador-dali.org\/ca\/fundacio-dali\/noticia\/cicle-de-conferencies-entorn-a-la-madona-de-portlligat\/\"><div class=\"title\">Cicle de confer\u00e8ncies entorn a La Madona de Portlligat<\/div><\/a>\n\n\n            <div class=\"item-data\">\n                        <\/div>\n            <div class=\"excerpt\">Els ponents seran les coordinadores de l'exposici\u00f3 Cl\u00e0udia Galli i Maria Carreras, aix\u00ed com Eva March, \u00c0lex Mitrani, Estrella de Diego i Jordi D\u00edaz-Marcos.<\/div>\n        <\/div>\n\t\t\n\t<\/li>\n\t\n  \t<li class=\"grid-item\">\n\n        \t\t\n        <div class=\"item-header\">\n            <figure class=\"image\"><img loading=\"lazy\" decoding=\"async\" width=\"300\" height=\"225\" src=\"https:\/\/www.salvador-dali.org\/wp-content\/uploads\/2025\/06\/taschen_dali_dscf0458_marcmedina_174946993777_1024-300x225.jpg\" class=\"attachment-medium size-medium wp-post-image\" alt=\"F\u00e8lix Roca, Marlene Taschen, Jordi Mercader, Hans W. Holzwarth, Montse Aguer i Carme Ruiz\" srcset=\"https:\/\/www.salvador-dali.org\/wp-content\/uploads\/2025\/06\/taschen_dali_dscf0458_marcmedina_174946993777_1024-300x225.jpg 300w, https:\/\/www.salvador-dali.org\/wp-content\/uploads\/2025\/06\/taschen_dali_dscf0458_marcmedina_174946993777_1024-768x576.jpg 768w, https:\/\/www.salvador-dali.org\/wp-content\/uploads\/2025\/06\/taschen_dali_dscf0458_marcmedina_174946993777_1024.jpg 1024w\" sizes=\"auto, (max-width: 300px) 100vw, 300px\" \/><\/figure>\n\n        <\/div>\n        <div class=\"item-content\">\n            <a href=\"https:\/\/www.salvador-dali.org\/ca\/fundacio-dali\/noticia\/la-monografia-definitiva-de-dali-per-taschen-una-edicio-de-referencia-que-celebra-el-llegat-de-l-artista\/\"><div class=\"title\">La monografia definitiva de Dal\u00ed per Taschen, una edici\u00f3 de refer\u00e8ncia que celebra el llegat de l\u2019artista<\/div><\/a>\n\n\n            <div class=\"item-data\">\n            Barcelona, 5 de juny de 2025            <\/div>\n            <div class=\"excerpt\">Dijous dia 5 de juny a la nit, el Convent dels \u00c0ngels de Barcelona va esdevenir l&#8217;escenari de la presentaci\u00f3 oficial de la monografia dedicada a Dal\u00ed publicada per la Fundaci\u00f3 Dal\u00ed i TASCHEN, una de les editorials m\u00e9s reconegudes en el m\u00f3n de l&#8217; art i la fotografia. L&#8217;acte va comptar amb la pres\u00e8ncia [&hellip;]<\/div>\n        <\/div>\n\t\t\n\t<\/li>\n\t\n  \t<li class=\"grid-item\">\n\n        \t\t\n        <div class=\"item-header\">\n            <figure class=\"image\"><img loading=\"lazy\" decoding=\"async\" width=\"169\" height=\"300\" src=\"https:\/\/www.salvador-dali.org\/wp-content\/uploads\/2025\/07\/bunuel125chienandalou_174911941477_1024-169x300.jpg\" class=\"attachment-medium size-medium wp-post-image\" alt=\"Bu\u00f1uel 125: Suite per a Un Chien Andalou - Teatre-Museu Dal\u00ed (Figueres)\" srcset=\"https:\/\/www.salvador-dali.org\/wp-content\/uploads\/2025\/07\/bunuel125chienandalou_174911941477_1024-169x300.jpg 169w, https:\/\/www.salvador-dali.org\/wp-content\/uploads\/2025\/07\/bunuel125chienandalou_174911941477_1024.jpg 567w\" sizes=\"auto, (max-width: 169px) 100vw, 169px\" \/><\/figure>\n\n        <\/div>\n        <div class=\"item-content\">\n            <a href=\"https:\/\/www.salvador-dali.org\/ca\/fundacio-dali\/noticia\/luis-bunuel-al-teatre-museu-dali\/\"><div class=\"title\">Luis Bu\u00f1uel al Teatre-Museu Dal\u00ed<\/div><\/a>\n\n\n            <div class=\"item-data\">\n            Figueres, 5 de juny de 2025            <\/div>\n            <div class=\"excerpt\">Coincidint amb la data exacta de l&#8217;estrena del film Un chien andalou a Par\u00eds l&#8217;any 1929 -obra cabdal del surrealisme sorgida de la col\u00b7laboraci\u00f3 entre Bu\u00f1uel i Dal\u00ed- l&#8217;espai acollir\u00e0 Suite para un perro andaluz, un espectacle multidisciplinari a c\u00e0rrec de la formaci\u00f3 Basilio Mart\u00ed Trio, que oferir\u00e0 una m\u00fasica original en directe per a [&hellip;]<\/div>\n        <\/div>\n\t\t\n\t<\/li>\n\t\n  \t<li class=\"grid-item\">\n\n        \t\t\n        <div class=\"item-header\">\n            <figure class=\"image\"><img loading=\"lazy\" decoding=\"async\" width=\"229\" height=\"300\" src=\"https:\/\/www.salvador-dali.org\/wp-content\/uploads\/2025\/06\/0660_madonadeportlligat_174793058877_1024-229x300.jpg\" class=\"attachment-medium size-medium wp-post-image\" alt=\"La Madona de Portlligat vindr\u00e0 a Figueres al setembre\" srcset=\"https:\/\/www.salvador-dali.org\/wp-content\/uploads\/2025\/06\/0660_madonadeportlligat_174793058877_1024-229x300.jpg 229w, https:\/\/www.salvador-dali.org\/wp-content\/uploads\/2025\/06\/0660_madonadeportlligat_174793058877_1024-782x1024.jpg 782w, https:\/\/www.salvador-dali.org\/wp-content\/uploads\/2025\/06\/0660_madonadeportlligat_174793058877_1024-768x1006.jpg 768w, https:\/\/www.salvador-dali.org\/wp-content\/uploads\/2025\/06\/0660_madonadeportlligat_174793058877_1024.jpg 800w\" sizes=\"auto, (max-width: 229px) 100vw, 229px\" \/><\/figure>\n\n        <\/div>\n        <div class=\"item-content\">\n            <a href=\"https:\/\/www.salvador-dali.org\/ca\/fundacio-dali\/noticia\/la-fundacio-dali-fa-balanc-de-2024-i-anuncia-l-arribada-de-la-madona-de-portlligat-a-figueres\/\"><div class=\"title\">La Fundaci\u00f3 Dal\u00ed fa balan\u00e7 de 2024 i anuncia l&#8217;arribada de la Madona de Portlligat a Figueres<\/div><\/a>\n\n\n            <div class=\"item-data\">\n            Figueres, 23 de maig de 2025            <\/div>\n            <div class=\"excerpt\">El president de la Fundaci\u00f3 Dal\u00ed, Jordi Mercader, ha fet balan\u00e7 de l&#8217;any 2024 i ha anunciat els plans de futur de la instituci\u00f3. Coincidint amb la commemoraci\u00f3 dels 50 anys del Teatre-Museu Dal\u00ed, la Fundaci\u00f3&nbsp;Dal\u00ed ha tancat el 2024 amb els millors resultats de la seva hist\u00f2ria: els museus del Triangle han rebut un [&hellip;]<\/div>\n        <\/div>\n\t\t\n\t<\/li>\n\t\n  \t<li class=\"grid-item\">\n\n        \t\t\n        <div class=\"item-header\">\n            <figure class=\"image\"><img loading=\"lazy\" decoding=\"async\" width=\"228\" height=\"300\" src=\"https:\/\/www.salvador-dali.org\/wp-content\/uploads\/2025\/05\/p0589_02_petita_174255190177_1024-228x300.jpg\" class=\"attachment-medium size-medium wp-post-image\" alt=\"\" srcset=\"https:\/\/www.salvador-dali.org\/wp-content\/uploads\/2025\/05\/p0589_02_petita_174255190177_1024-228x300.jpg 228w, https:\/\/www.salvador-dali.org\/wp-content\/uploads\/2025\/05\/p0589_02_petita_174255190177_1024.jpg 583w\" sizes=\"auto, (max-width: 228px) 100vw, 228px\" \/><\/figure>\n\n        <\/div>\n        <div class=\"item-content\">\n            <a href=\"https:\/\/www.salvador-dali.org\/ca\/fundacio-dali\/noticia\/l-exposicio-d-enguany-mostra-les-millors-peces-de-vestir-de-gala\/\"><div class=\"title\">L&#8217;exposici\u00f3 d&#8217;enguany mostra les millors peces de vestir de Gala<\/div><\/a>\n\n\n            <div class=\"item-data\">\n            P\u00fabol, 20 de mar\u00e7 de 2025            <\/div>\n            <div class=\"excerpt\">Enguany es presenta al Castell Gala Dal\u00ed de P\u00fabol&nbsp;la s\u00edntesi de l&#8217;exposici\u00f3 El despertar del mite: Gala Dal\u00ed. La mostra compta amb les peces m\u00e9s destacades de les tres temporades anteriors (Col\u00b7lecci\u00f3 primavera-estiu, Alta costura i Tardor-hivern) que es van portar a terme en estreta col\u00b7laboraci\u00f3 amb La Roca Village. A aquesta tria de 6 [&hellip;]<\/div>\n        <\/div>\n\t\t\n\t<\/li>\n\t\n  \t<li class=\"grid-item\">\n\n        \t\t\n        <div class=\"item-header\">\n            <figure class=\"image\"><img loading=\"lazy\" decoding=\"async\" width=\"266\" height=\"300\" src=\"https:\/\/www.salvador-dali.org\/wp-content\/uploads\/2025\/05\/4c1a4538_retallada_172952722277_1024-266x300.jpg\" class=\"attachment-medium size-medium wp-post-image\" alt=\"Jordi Mercader durant l&#039;acceptaci\u00f3 del reconeixement\" srcset=\"https:\/\/www.salvador-dali.org\/wp-content\/uploads\/2025\/05\/4c1a4538_retallada_172952722277_1024-266x300.jpg 266w, https:\/\/www.salvador-dali.org\/wp-content\/uploads\/2025\/05\/4c1a4538_retallada_172952722277_1024-909x1024.jpg 909w, https:\/\/www.salvador-dali.org\/wp-content\/uploads\/2025\/05\/4c1a4538_retallada_172952722277_1024-768x865.jpg 768w, https:\/\/www.salvador-dali.org\/wp-content\/uploads\/2025\/05\/4c1a4538_retallada_172952722277_1024.jpg 917w\" sizes=\"auto, (max-width: 266px) 100vw, 266px\" \/><\/figure>\n\n        <\/div>\n        <div class=\"item-content\">\n            <a href=\"https:\/\/www.salvador-dali.org\/ca\/fundacio-dali\/noticia\/el-teatre-museu-dali-rep-la-medalla-d-or-de-la-ciutat\/\"><div class=\"title\">El Teatre-Museu Dal\u00ed rep la Medalla d&#8217;Or de la Ciutat<\/div><\/a>\n\n\n            <div class=\"item-data\">\n            Figueres, 20 d\u2019octubre de 2024            <\/div>\n            <div class=\"excerpt\">El president de la Fundaci\u00f3 Dal\u00ed, Jordi Mercader, ha rebut de mans de l&#8217;alcalde Jordi Masquef, la Medalla d&#8217;Or de la Ciutat pels 50 anys del Teatre-Museu Dal\u00ed. La cerim\u00f2nia de lliurament ha estat diumenge 20 d&#8217;octubre al Teatre Jard\u00ed de Figueres. En un&nbsp;acte solemne i emotiu, s&#8217;ha reconegut la traject\u00f2ria d&#8217;altres persones i entitats [&hellip;]<\/div>\n        <\/div>\n\t\t\n\t<\/li>\n\t\n  <\/ul>\n<\/div>\n\n\n\n<div class=\"wp-block-columns is-layout-flex wp-container-core-columns-is-layout-9d6595d7 wp-block-columns-is-layout-flex\">\n<div class=\"wp-block-column is-layout-flow wp-block-column-is-layout-flow\"><div class=\"facetwp-facet facetwp-facet-noticies_paginacio facetwp-type-pager\" data-name=\"noticies_paginacio\" data-type=\"pager\"><\/div>\n<\/div>\n<\/div>\n","protected":false},"excerpt":{"rendered":"","protected":false},"author":1,"featured_media":3361,"parent":89,"menu_order":3,"comment_status":"closed","ping_status":"closed","template":"","meta":{"_acf_changed":false,"_coblocks_attr":"","_coblocks_dimensions":"","_coblocks_responsive_height":"","_coblocks_accordion_ie_support":"","footnotes":""},"categories":[],"tags":[],"class_list":["post-91","page","type-page","status-publish","has-post-thumbnail","hentry"],"acf":[],"yoast_head":"<!-- This site is optimized with the Yoast SEO plugin v27.4 - https:\/\/yoast.com\/product\/yoast-seo-wordpress\/ -->\n<title>Not\u00edcies - Fundaci\u00f3 Gala - Salvador Dal\u00ed<\/title>\n<meta name=\"robots\" content=\"index, follow, max-snippet:-1, max-image-preview:large, max-video-preview:-1\" \/>\n<link rel=\"canonical\" href=\"https:\/\/www.salvador-dali.org\/ca\/fundacio-dali\/noticies\/\" \/>\n<meta property=\"og:locale\" content=\"ca_ES\" \/>\n<meta property=\"og:type\" content=\"article\" \/>\n<meta property=\"og:title\" content=\"Not\u00edcies - Fundaci\u00f3 Gala - Salvador Dal\u00ed\" \/>\n<meta property=\"og:url\" content=\"https:\/\/www.salvador-dali.org\/ca\/fundacio-dali\/noticies\/\" \/>\n<meta property=\"og:site_name\" content=\"Fundaci\u00f3 Gala - Salvador Dal\u00ed\" \/>\n<meta property=\"article:publisher\" content=\"https:\/\/www.facebook.com\/MuseusDali\" \/>\n<meta property=\"article:modified_time\" content=\"2025-05-19T10:06:48+00:00\" \/>\n<meta property=\"og:image\" content=\"https:\/\/www.salvador-dali.org\/wp-content\/uploads\/2025\/05\/Sense-titol.jpg\" \/>\n\t<meta property=\"og:image:width\" content=\"800\" \/>\n\t<meta property=\"og:image:height\" content=\"1393\" \/>\n\t<meta property=\"og:image:type\" content=\"image\/jpeg\" \/>\n<meta name=\"twitter:card\" content=\"summary_large_image\" \/>\n<meta name=\"twitter:site\" content=\"@MuseuDali\" \/>\n<script type=\"application\/ld+json\" class=\"yoast-schema-graph\">{\"@context\":\"https:\\\/\\\/schema.org\",\"@graph\":[{\"@type\":\"WebPage\",\"@id\":\"https:\\\/\\\/www.salvador-dali.org\\\/ca\\\/fundacio-dali\\\/noticies\\\/\",\"url\":\"https:\\\/\\\/www.salvador-dali.org\\\/ca\\\/fundacio-dali\\\/noticies\\\/\",\"name\":\"Not\u00edcies - Fundaci\u00f3 Gala - Salvador Dal\u00ed\",\"isPartOf\":{\"@id\":\"https:\\\/\\\/www.salvador-dali.org\\\/ca\\\/#website\"},\"primaryImageOfPage\":{\"@id\":\"https:\\\/\\\/www.salvador-dali.org\\\/ca\\\/fundacio-dali\\\/noticies\\\/#primaryimage\"},\"image\":{\"@id\":\"https:\\\/\\\/www.salvador-dali.org\\\/ca\\\/fundacio-dali\\\/noticies\\\/#primaryimage\"},\"thumbnailUrl\":\"https:\\\/\\\/www.salvador-dali.org\\\/wp-content\\\/uploads\\\/2025\\\/05\\\/Sense-titol.jpg\",\"datePublished\":\"2024-12-18T16:34:35+00:00\",\"dateModified\":\"2025-05-19T10:06:48+00:00\",\"breadcrumb\":{\"@id\":\"https:\\\/\\\/www.salvador-dali.org\\\/ca\\\/fundacio-dali\\\/noticies\\\/#breadcrumb\"},\"inLanguage\":\"ca\",\"potentialAction\":[{\"@type\":\"ReadAction\",\"target\":[\"https:\\\/\\\/www.salvador-dali.org\\\/ca\\\/fundacio-dali\\\/noticies\\\/\"]}]},{\"@type\":\"ImageObject\",\"inLanguage\":\"ca\",\"@id\":\"https:\\\/\\\/www.salvador-dali.org\\\/ca\\\/fundacio-dali\\\/noticies\\\/#primaryimage\",\"url\":\"https:\\\/\\\/www.salvador-dali.org\\\/wp-content\\\/uploads\\\/2025\\\/05\\\/Sense-titol.jpg\",\"contentUrl\":\"https:\\\/\\\/www.salvador-dali.org\\\/wp-content\\\/uploads\\\/2025\\\/05\\\/Sense-titol.jpg\",\"width\":800,\"height\":1393},{\"@type\":\"BreadcrumbList\",\"@id\":\"https:\\\/\\\/www.salvador-dali.org\\\/ca\\\/fundacio-dali\\\/noticies\\\/#breadcrumb\",\"itemListElement\":[{\"@type\":\"ListItem\",\"position\":1,\"name\":\"Inici\",\"item\":\"https:\\\/\\\/www.salvador-dali.org\\\/ca\\\/\"},{\"@type\":\"ListItem\",\"position\":2,\"name\":\"Not\u00edcies\"}]},{\"@type\":\"WebSite\",\"@id\":\"https:\\\/\\\/www.salvador-dali.org\\\/ca\\\/#website\",\"url\":\"https:\\\/\\\/www.salvador-dali.org\\\/ca\\\/\",\"name\":\"Fundaci\u00f3 Gala - Salvador Dal\u00ed\",\"description\":\"\",\"publisher\":{\"@id\":\"https:\\\/\\\/www.salvador-dali.org\\\/ca\\\/#organization\"},\"potentialAction\":[{\"@type\":\"SearchAction\",\"target\":{\"@type\":\"EntryPoint\",\"urlTemplate\":\"https:\\\/\\\/www.salvador-dali.org\\\/ca\\\/?s={search_term_string}\"},\"query-input\":{\"@type\":\"PropertyValueSpecification\",\"valueRequired\":true,\"valueName\":\"search_term_string\"}}],\"inLanguage\":\"ca\"},{\"@type\":\"Organization\",\"@id\":\"https:\\\/\\\/www.salvador-dali.org\\\/ca\\\/#organization\",\"name\":\"Fundaci\u00f3 Gala - Salvador Dal\u00ed\",\"url\":\"https:\\\/\\\/www.salvador-dali.org\\\/ca\\\/\",\"logo\":{\"@type\":\"ImageObject\",\"inLanguage\":\"ca\",\"@id\":\"https:\\\/\\\/www.salvador-dali.org\\\/ca\\\/#\\\/schema\\\/logo\\\/image\\\/\",\"url\":\"https:\\\/\\\/www.salvador-dali.org\\\/wp-content\\\/uploads\\\/2025\\\/04\\\/fundacio-gala-salvador-dali.png\",\"contentUrl\":\"https:\\\/\\\/www.salvador-dali.org\\\/wp-content\\\/uploads\\\/2025\\\/04\\\/fundacio-gala-salvador-dali.png\",\"width\":240,\"height\":240,\"caption\":\"Fundaci\u00f3 Gala - Salvador Dal\u00ed\"},\"image\":{\"@id\":\"https:\\\/\\\/www.salvador-dali.org\\\/ca\\\/#\\\/schema\\\/logo\\\/image\\\/\"},\"sameAs\":[\"https:\\\/\\\/www.facebook.com\\\/MuseusDali\",\"https:\\\/\\\/x.com\\\/MuseuDali\",\"https:\\\/\\\/www.youtube.com\\\/user\\\/FundacioDali\",\"https:\\\/\\\/www.flickr.com\\\/fundacio_dali\\\/\",\"https:\\\/\\\/instagram.com\\\/museudali\"]}]}<\/script>\n<!-- \/ Yoast SEO plugin. -->","yoast_head_json":{"title":"Not\u00edcies - Fundaci\u00f3 Gala - Salvador Dal\u00ed","robots":{"index":"index","follow":"follow","max-snippet":"max-snippet:-1","max-image-preview":"max-image-preview:large","max-video-preview":"max-video-preview:-1"},"canonical":"https:\/\/www.salvador-dali.org\/ca\/fundacio-dali\/noticies\/","og_locale":"ca_ES","og_type":"article","og_title":"Not\u00edcies - Fundaci\u00f3 Gala - Salvador Dal\u00ed","og_url":"https:\/\/www.salvador-dali.org\/ca\/fundacio-dali\/noticies\/","og_site_name":"Fundaci\u00f3 Gala - Salvador Dal\u00ed","article_publisher":"https:\/\/www.facebook.com\/MuseusDali","article_modified_time":"2025-05-19T10:06:48+00:00","og_image":[{"width":800,"height":1393,"url":"https:\/\/www.salvador-dali.org\/wp-content\/uploads\/2025\/05\/Sense-titol.jpg","type":"image\/jpeg"}],"twitter_card":"summary_large_image","twitter_site":"@MuseuDali","schema":{"@context":"https:\/\/schema.org","@graph":[{"@type":"WebPage","@id":"https:\/\/www.salvador-dali.org\/ca\/fundacio-dali\/noticies\/","url":"https:\/\/www.salvador-dali.org\/ca\/fundacio-dali\/noticies\/","name":"Not\u00edcies - Fundaci\u00f3 Gala - Salvador Dal\u00ed","isPartOf":{"@id":"https:\/\/www.salvador-dali.org\/ca\/#website"},"primaryImageOfPage":{"@id":"https:\/\/www.salvador-dali.org\/ca\/fundacio-dali\/noticies\/#primaryimage"},"image":{"@id":"https:\/\/www.salvador-dali.org\/ca\/fundacio-dali\/noticies\/#primaryimage"},"thumbnailUrl":"https:\/\/www.salvador-dali.org\/wp-content\/uploads\/2025\/05\/Sense-titol.jpg","datePublished":"2024-12-18T16:34:35+00:00","dateModified":"2025-05-19T10:06:48+00:00","breadcrumb":{"@id":"https:\/\/www.salvador-dali.org\/ca\/fundacio-dali\/noticies\/#breadcrumb"},"inLanguage":"ca","potentialAction":[{"@type":"ReadAction","target":["https:\/\/www.salvador-dali.org\/ca\/fundacio-dali\/noticies\/"]}]},{"@type":"ImageObject","inLanguage":"ca","@id":"https:\/\/www.salvador-dali.org\/ca\/fundacio-dali\/noticies\/#primaryimage","url":"https:\/\/www.salvador-dali.org\/wp-content\/uploads\/2025\/05\/Sense-titol.jpg","contentUrl":"https:\/\/www.salvador-dali.org\/wp-content\/uploads\/2025\/05\/Sense-titol.jpg","width":800,"height":1393},{"@type":"BreadcrumbList","@id":"https:\/\/www.salvador-dali.org\/ca\/fundacio-dali\/noticies\/#breadcrumb","itemListElement":[{"@type":"ListItem","position":1,"name":"Inici","item":"https:\/\/www.salvador-dali.org\/ca\/"},{"@type":"ListItem","position":2,"name":"Not\u00edcies"}]},{"@type":"WebSite","@id":"https:\/\/www.salvador-dali.org\/ca\/#website","url":"https:\/\/www.salvador-dali.org\/ca\/","name":"Fundaci\u00f3 Gala - Salvador Dal\u00ed","description":"","publisher":{"@id":"https:\/\/www.salvador-dali.org\/ca\/#organization"},"potentialAction":[{"@type":"SearchAction","target":{"@type":"EntryPoint","urlTemplate":"https:\/\/www.salvador-dali.org\/ca\/?s={search_term_string}"},"query-input":{"@type":"PropertyValueSpecification","valueRequired":true,"valueName":"search_term_string"}}],"inLanguage":"ca"},{"@type":"Organization","@id":"https:\/\/www.salvador-dali.org\/ca\/#organization","name":"Fundaci\u00f3 Gala - Salvador Dal\u00ed","url":"https:\/\/www.salvador-dali.org\/ca\/","logo":{"@type":"ImageObject","inLanguage":"ca","@id":"https:\/\/www.salvador-dali.org\/ca\/#\/schema\/logo\/image\/","url":"https:\/\/www.salvador-dali.org\/wp-content\/uploads\/2025\/04\/fundacio-gala-salvador-dali.png","contentUrl":"https:\/\/www.salvador-dali.org\/wp-content\/uploads\/2025\/04\/fundacio-gala-salvador-dali.png","width":240,"height":240,"caption":"Fundaci\u00f3 Gala - Salvador Dal\u00ed"},"image":{"@id":"https:\/\/www.salvador-dali.org\/ca\/#\/schema\/logo\/image\/"},"sameAs":["https:\/\/www.facebook.com\/MuseusDali","https:\/\/x.com\/MuseuDali","https:\/\/www.youtube.com\/user\/FundacioDali","https:\/\/www.flickr.com\/fundacio_dali\/","https:\/\/instagram.com\/museudali"]}]}},"_links":{"self":[{"href":"https:\/\/www.salvador-dali.org\/ca\/wp-json\/wp\/v2\/pages\/91","targetHints":{"allow":["GET"]}}],"collection":[{"href":"https:\/\/www.salvador-dali.org\/ca\/wp-json\/wp\/v2\/pages"}],"about":[{"href":"https:\/\/www.salvador-dali.org\/ca\/wp-json\/wp\/v2\/types\/page"}],"author":[{"embeddable":true,"href":"https:\/\/www.salvador-dali.org\/ca\/wp-json\/wp\/v2\/users\/1"}],"replies":[{"embeddable":true,"href":"https:\/\/www.salvador-dali.org\/ca\/wp-json\/wp\/v2\/comments?post=91"}],"version-history":[{"count":0,"href":"https:\/\/www.salvador-dali.org\/ca\/wp-json\/wp\/v2\/pages\/91\/revisions"}],"up":[{"embeddable":true,"href":"https:\/\/www.salvador-dali.org\/ca\/wp-json\/wp\/v2\/pages\/89"}],"wp:featuredmedia":[{"embeddable":true,"href":"https:\/\/www.salvador-dali.org\/ca\/wp-json\/wp\/v2\/media\/3361"}],"wp:attachment":[{"href":"https:\/\/www.salvador-dali.org\/ca\/wp-json\/wp\/v2\/media?parent=91"}],"wp:term":[{"taxonomy":"category","embeddable":true,"href":"https:\/\/www.salvador-dali.org\/ca\/wp-json\/wp\/v2\/categories?post=91"},{"taxonomy":"post_tag","embeddable":true,"href":"https:\/\/www.salvador-dali.org\/ca\/wp-json\/wp\/v2\/tags?post=91"}],"curies":[{"name":"wp","href":"https:\/\/api.w.org\/{rel}","templated":true}]}}