{"id":15838,"date":"2026-04-08T17:41:57","date_gmt":"2026-04-08T15:41:57","guid":{"rendered":"https:\/\/www.salvador-dali.org\/?page_id=15838"},"modified":"2026-04-24T10:06:25","modified_gmt":"2026-04-24T08:06:25","slug":"restoration-of-the-jewel-the-angel-cross-3","status":"publish","type":"page","link":"https:\/\/www.salvador-dali.org\/en\/artwork\/conservation-and-restoration\/restoration-of-the-jewel-the-angel-cross-3\/","title":{"rendered":"RESTORATION OF THE CYPRUS-BOAT"},"content":{"rendered":"\n<div class=\"wp-block-columns global-column is-layout-flex wp-container-core-columns-is-layout-9d6595d7 wp-block-columns-is-layout-flex\">\n<div class=\"wp-block-column is-layout-flow wp-block-column-is-layout-flow\">\n<p class=\"entradeta\">The Cypress Boat is an original and unique installation created by Salvador Dal\u00ed, composed of a boat and a cypress tree. It has become the symbol that identifies the Dal\u00ed House in Portlligat. When Dal\u00ed removes the boat from the water and transforms it into a sculptural work, it loses its original function and acquires a new meaning. The aim of the Conservation and Restoration team of the Dal\u00ed Foundation is to preserve the artist\u2019s work created from an existing boat. Due to its exposure to the elements, a full restoration has been required and, for this purpose, the collaboration of the technicians from the Fishing Museum of Palam\u00f3s and the master boatbuilder Andreu Casas has been sought.<\/p>\n<\/div>\n<\/div>\n\n\n    <div  class=\"wp-block-columns swiper-column  intro intro-images bloc-destacats imatges\" style=\"background-image: linear-gradient(to right, white, white)\">\n        <div class=\"wp-block-column\">\n            <div id=\"swiper-69f71a1dbc8a3\" class=\"swiper destacats dues\" >\n                <div class=\"swiper-wrapper\">\n\n                                            <div class=\"swiper-slide intro\">\n                            <span class=\"image-background\" style=\"background-image:url(https:\/\/www.salvador-dali.org\/wp-content\/uploads\/2026\/04\/Foto02_DSC01539-768x1024.jpg)\"><\/span>\n                            \n                        <\/div>\n                        <div class=\"swiper-slide\">\n                           <div class=\"descripcio\">\n                            <h2>RESTORATION OF THE CYPRUS-BOAT<\/h2>\n                            <p>A boat that tells who we are<\/p>\n<p>This boat is also the testimony of a seafaring tradition. Through the restoration project, the aim is to help preserve the floating memory of our coastline. The vessel is an old llagut fishing boat, originally rigged with a lateen sail, with a single mast carrying a mainsail and a jib, without an engine and propelled by both oars and sail. These boats usually fished not far from the coast. Historically, the llagut is the most common type of vessel in the Mediterranean. They can be found from the Turkish Levant to the Moroccan Atlantic.<\/p>\n                            <\/div>\n\n                                                            <div class=\"wp-block-button contingut-ampliat-boto\" data-class=\"destacats\">\n                                    <a class=\"wp-block-button__link wp-element-button\" tabindex=\"0\">Learn more<\/a>\n                                <\/div>\n                            \n                            \n                        <\/div>\n                    \n\n                    \n                        \n                        <div class=\"swiper-slide\">\n                                                            <figure>\n                                    <a data-fancybox=\"gallery-69f71a1dbc8a3\" data-src=\"https:\/\/www.salvador-dali.org\/wp-content\/uploads\/2026\/04\/Foto44_-scaled.jpg\" data-caption=\"After restoration\">\n                                        <img decoding=\"async\" src=\"https:\/\/www.salvador-dali.org\/wp-content\/uploads\/2026\/04\/Foto44_-683x1024.jpg\" alt=\"After restoration\"> \n\t\t\t\t          \t\t\t<\/a>\n                                                                        <figcaption class=\"custom-caption\">After restoration<\/figcaption>\n                                <\/figure>\n                                                    <\/div>\n\n                    \n                        \n                        <div class=\"swiper-slide\">\n                                                            <figure>\n                                    <a data-fancybox=\"gallery-69f71a1dbc8a3\" data-src=\"https:\/\/www.salvador-dali.org\/wp-content\/uploads\/2026\/04\/Foto13_Imagen4.jpg\" data-caption=\"Map of alterations\">\n                                        <img decoding=\"async\" src=\"https:\/\/www.salvador-dali.org\/wp-content\/uploads\/2026\/04\/Foto13_Imagen4-745x1024.jpg\" alt=\"Map of alterations\"> \n\t\t\t\t          \t\t\t<\/a>\n                                                                        <figcaption class=\"custom-caption\">Map of alterations<\/figcaption>\n                                <\/figure>\n                                                    <\/div>\n\n                    \n                        \n                        <div class=\"swiper-slide\">\n                                                            <figure>\n                                    <a data-fancybox=\"gallery-69f71a1dbc8a3\" data-src=\"https:\/\/www.salvador-dali.org\/wp-content\/uploads\/2026\/04\/Foto18_trashed-1732713213-IMG20241021121636_BURST001_COVER-scaled.jpg\" data-caption=\"Templates for replacing the boat supports\">\n                                        <img decoding=\"async\" src=\"https:\/\/www.salvador-dali.org\/wp-content\/uploads\/2026\/04\/Foto18_trashed-1732713213-IMG20241021121636_BURST001_COVER-1024x771.jpg\" alt=\"Templates for replacing the boat supports\"> \n\t\t\t\t          \t\t\t<\/a>\n                                                                        <figcaption class=\"custom-caption\">Templates for replacing the boat supports<\/figcaption>\n                                <\/figure>\n                                                    <\/div>\n\n                    \n                        \n                        <div class=\"swiper-slide\">\n                                                            <figure>\n                                    <a data-fancybox=\"gallery-69f71a1dbc8a3\" data-src=\"https:\/\/www.salvador-dali.org\/wp-content\/uploads\/2026\/04\/Foto21_IMG20241112111842_BURST001_COVER-scaled.jpg\" data-caption=\"Structural consolidation with the addition of new benches and frames\">\n                                        <img decoding=\"async\" src=\"https:\/\/www.salvador-dali.org\/wp-content\/uploads\/2026\/04\/Foto21_IMG20241112111842_BURST001_COVER-1024x771.jpg\" alt=\"Structural consolidation with the addition of new benches and frames\"> \n\t\t\t\t          \t\t\t<\/a>\n                                                                        <figcaption class=\"custom-caption\">Structural consolidation with the addition of new benches and frames<\/figcaption>\n                                <\/figure>\n                                                    <\/div>\n\n                    \n                        \n                        <div class=\"swiper-slide\">\n                                                            <figure>\n                                    <a data-fancybox=\"gallery-69f71a1dbc8a3\" data-src=\"https:\/\/www.salvador-dali.org\/wp-content\/uploads\/2026\/04\/Foto25_IMG306-scaled.jpg\" data-caption=\"Structural restoration process\">\n                                        <img decoding=\"async\" src=\"https:\/\/www.salvador-dali.org\/wp-content\/uploads\/2026\/04\/Foto25_IMG306-768x1024.jpg\" alt=\"Structural restoration process\"> \n\t\t\t\t          \t\t\t<\/a>\n                                                                        <figcaption class=\"custom-caption\">Structural restoration process<\/figcaption>\n                                <\/figure>\n                                                    <\/div>\n\n                    \n                        \n                        <div class=\"swiper-slide\">\n                                                            <figure>\n                                    <a data-fancybox=\"gallery-69f71a1dbc8a3\" data-src=\"https:\/\/www.salvador-dali.org\/wp-content\/uploads\/2026\/04\/Foto09.jpg\" data-caption=\"Apparition of my cousin Carolineta on the beach of Roses, c. 1934\">\n                                        <img decoding=\"async\" src=\"https:\/\/www.salvador-dali.org\/wp-content\/uploads\/2026\/04\/Foto09-775x1024.jpg\" alt=\"Apparition of my cousin Carolineta on the beach of Roses, c. 1934\"> \n\t\t\t\t          \t\t\t<\/a>\n                                                                        <figcaption class=\"custom-caption\">Apparition of my cousin Carolineta on the beach of Roses, c. 1934<\/figcaption>\n                                <\/figure>\n                                                    <\/div>\n\n                    \n                        \n                        <div class=\"swiper-slide\">\n                                                            <figure>\n                                    <a data-fancybox=\"gallery-69f71a1dbc8a3\" data-src=\"https:\/\/www.salvador-dali.org\/wp-content\/uploads\/2026\/04\/64511_DaliGalaBarca-scaled.jpg\" data-caption=\"Artur Caminada, Gala, Salvador Dal\u00ed and a swan with boat Photo Ricardo Sans, 1951\">\n                                        <img decoding=\"async\" src=\"https:\/\/www.salvador-dali.org\/wp-content\/uploads\/2026\/04\/64511_DaliGalaBarca-674x1024.jpg\" alt=\"Artur Caminada, Gala, Salvador Dal\u00ed and a swan with boat Photo Ricardo Sans, 1951\"> \n\t\t\t\t          \t\t\t<\/a>\n                                                                        <figcaption class=\"custom-caption\">Artur Caminada, Gala, Salvador Dal\u00ed and a swan with boat Photo Ricardo Sans, 1951<\/figcaption>\n                                <\/figure>\n                                                    <\/div>\n\n                    \n                        \n                        <div class=\"swiper-slide\">\n                                                            <figure>\n                                    <a data-fancybox=\"gallery-69f71a1dbc8a3\" data-src=\"https:\/\/www.salvador-dali.org\/wp-content\/uploads\/2026\/04\/abans-detall-barca.jpg\" data-caption=\"Before and after the wood treatments\">\n                                        <img decoding=\"async\" src=\"https:\/\/www.salvador-dali.org\/wp-content\/uploads\/2026\/04\/abans-detall-barca-1024x845.jpg\" alt=\"Before and after the wood treatments\"> \n\t\t\t\t          \t\t\t<\/a>\n                                                                        <figcaption class=\"custom-caption\">Before and after the wood treatments<\/figcaption>\n                                <\/figure>\n                                                    <\/div>\n\n                    \n                        \n                        <div class=\"swiper-slide\">\n                                                            <figure>\n                                    <a data-fancybox=\"gallery-69f71a1dbc8a3\" data-src=\"https:\/\/www.salvador-dali.org\/wp-content\/uploads\/2026\/04\/IMG465-scaled.jpg\" data-caption=\"Before and after the wood treatments\">\n                                        <img decoding=\"async\" src=\"https:\/\/www.salvador-dali.org\/wp-content\/uploads\/2026\/04\/IMG465-768x1024.jpg\" alt=\"Before and after the wood treatments\"> \n\t\t\t\t          \t\t\t<\/a>\n                                                                        <figcaption class=\"custom-caption\">Before and after the wood treatments<\/figcaption>\n                                <\/figure>\n                                                    <\/div>\n\n                                    <\/div>\n                <!-- Swiper navigation buttons -->\n                <div class=\"swiper-button-prev\">\n                    <span class=\"screen-reader-text\">Previous slide<\/span>\n                <\/div>\n                <div class=\"swiper-button-next\">\n                    <span class=\"screen-reader-text\">Nest slide<\/span>\n                <\/div>\n            <\/div>\n        <\/div>\n    <\/div>\n\n\n\n<!-- Swiper JS -->\n<script src=\"https:\/\/cdn.jsdelivr.net\/npm\/swiper@11\/swiper-bundle.min.js\"><\/script>\n\n<!-- Initialize Swiper -->\n<script>\n\njQuery( document ).ready(function() {      \n\n    Tipus = 'intro-images';\n\n    updateSpaceBetween();\n    spaceBetweenInicial = 60;\n    \n    if (Tipus=='intro-images' ) {\n    \/\/    spaceBetweenValueModul = 0;\n    }\n\n\n\n    console.log(\"spaceBetweenValueModul\",spaceBetweenValueModul);\n\n    var swiper = new Swiper(\"#swiper-69f71a1dbc8a3\", {\n      slidesPerView: \"auto\",\n      spaceBetween: spaceBetweenInicial,\n      \tfreeMode: true,\n\t  \tbreakpoints: {\n\t        \/\/ Quan l'amplada de la pantalla sigui major a 1024px\n\t        1024: {\n\t            spaceBetween: spaceBetweenValue,\n\t        },\n\t    },\n        \/\/ Navigation arrows\n        navigation: {\n            nextEl: '.swiper-button-next',\n            prevEl: '.swiper-button-prev',\n        },\n        mousewheel: {\n            releaseOnEdges: true,\n            forceToAxis: true,\n            sensitivity:    1,\n        },\n        a11y: {\n            prevSlideMessage: 'Previous slide',\n            nextSlideMessage: 'Nest slide',\n        },\n    });\n\n\n \n\n\n    \/*\n    jQuery('.bloc-destacats').each(function() {\n        const nextDiv = jQuery(this).next('div');\n        if (nextDiv.hasClass('contingut-ampliat')) {\n            console.log('T\u00e9 .contingut-ampliat despr\u00e9s');\n            \/\/ Aqu\u00ed pots fer accions, per exemple:\n            \/\/ $nextDiv.addClass('marcat'); o $(this).append($nextDiv);\n        }\n    });\n    *\/\n})\n<\/script>\n\n\n\n\n<div class=\"wp-block-columns global-column contingut-ampliat is-layout-flex wp-container-core-columns-is-layout-9d6595d7 wp-block-columns-is-layout-flex\">\n<div class=\"wp-block-column is-layout-flow wp-block-column-is-layout-flow\" style=\"flex-basis:100%\">\n<div class=\"wp-block-buttons is-layout-flex wp-block-buttons-is-layout-flex\">\n    <div class=\"wp-block-button contingut-ampliat-boto\" data-class=\"contingut-ampliat modal\">\n        <a class=\"wp-block-button__link wp-element-button\" tabindex=\"0\" >Expand<\/a>\n    <\/div>\n<\/div>\n\n\n\n\n\n\n\n\n\n\n\n<div class=\"wp-block-columns contingut-ampliat-content is-layout-flex wp-container-core-columns-is-layout-9d6595d7 wp-block-columns-is-layout-flex\">\n<div class=\"wp-block-column is-layout-flow wp-block-column-is-layout-flow\">\n<p>A cypress that becomes the main mast<\/p>\n\n\n\n<p>In maritime language, the main mast of a boat is known as a \u201ctree\u201d. As is often the case, Dal\u00ed proposes a play on double meanings: the tree-cypress and the tree-main mast. The Cypress-Boat lends a romantic atmosphere to the bay of Portlligat. At sunset, this place takes on a light that evokes The Isle of the Dead by B\u00f6cklin, a painting that fascinated the Surrealists. Captivated by B\u00f6cklin\u2019s atmosphere, Dal\u00ed plants a cypress in the hull, thus transporting himself to his childhood in Empord\u00e0 and to walks along Cape Creus with his wife Gala.<\/p>\n\n\n\n<p>The challenge of restoring without altering its essence<\/p>\n\n\n\n<p>From the dialogue between the Fishing Museum and the Dal\u00ed Foundation emerged a shared approach consisting of intervening as little as possible in the Dalinian work, in order to guarantee its stability without losing its essence, respecting the artist\u2019s intention. Thanks to skilled hands and noble wood, the Cypress-Boat has regained its solidity. However, it should be noted that the cypress is alive and continues to grow and, therefore, the vessel carries increasingly more \u201csail.\u201d Proportionally, the boat will become smaller and the rigging larger.<\/p>\n\n\n\n<p>The restoration process consisted of three phases: (1) examination and documentation of alterations; (2) structural consolidation of the boat with the addition of new benches and frames and the replacement of the boat\u2019s supports; beforehand, templates were made to replicate the damaged original pieces; (3) restoration and protection of the wood, with cleaning, consolidation and reintegration of broken fragments and, finally, protection of the wood with a finishing varnish.<\/p>\n\n\n\n<p>Thanks to the collaboration between institutions, it has been possible for this fragment of the Mediterranean see to continue telling our story and that of two universal figures who made Portlligat their place in the world.<\/p>\n\n\n\n<div style=\"height:100px\" aria-hidden=\"true\" class=\"wp-block-spacer\"><\/div>\n<\/div>\n<\/div>\n<\/div>\n<\/div>\n","protected":false},"excerpt":{"rendered":"<p>The Cypress Boat is an original and unique installation created by Salvador Dal\u00ed, composed of a boat and a cypress tree. It has become the symbol that identifies the Dal\u00ed House in Portlligat. When Dal\u00ed removes the boat from the water and transforms it into a sculptural work, it loses its original function and acquires [&hellip;]<\/p>\n","protected":false},"author":8,"featured_media":15767,"parent":7622,"menu_order":7,"comment_status":"closed","ping_status":"closed","template":"","meta":{"_acf_changed":false,"_coblocks_attr":"","_coblocks_dimensions":"","_coblocks_responsive_height":"","_coblocks_accordion_ie_support":"","footnotes":""},"categories":[],"tags":[],"class_list":["post-15838","page","type-page","status-publish","has-post-thumbnail","hentry"],"acf":[],"yoast_head":"<!-- This site is optimized with the Yoast SEO plugin v27.5 - https:\/\/yoast.com\/product\/yoast-seo-wordpress\/ -->\n<title>RESTORATION OF THE CYPRUS-BOAT - Fundaci\u00f3 Gala - Salvador Dal\u00ed<\/title>\n<meta name=\"robots\" content=\"index, follow, max-snippet:-1, max-image-preview:large, max-video-preview:-1\" \/>\n<link rel=\"canonical\" href=\"https:\/\/www.salvador-dali.org\/en\/artwork\/conservation-and-restoration\/restoration-of-the-jewel-the-angel-cross-3\/\" \/>\n<meta property=\"og:locale\" content=\"en_US\" \/>\n<meta property=\"og:type\" content=\"article\" \/>\n<meta property=\"og:title\" content=\"RESTORATION OF THE CYPRUS-BOAT - Fundaci\u00f3 Gala - Salvador Dal\u00ed\" \/>\n<meta property=\"og:description\" content=\"The Cypress Boat is an original and unique installation created by Salvador Dal\u00ed, composed of a boat and a cypress tree. It has become the symbol that identifies the Dal\u00ed House in Portlligat. When Dal\u00ed removes the boat from the water and transforms it into a sculptural work, it loses its original function and acquires [&hellip;]\" \/>\n<meta property=\"og:url\" content=\"https:\/\/www.salvador-dali.org\/en\/artwork\/conservation-and-restoration\/restoration-of-the-jewel-the-angel-cross-3\/\" \/>\n<meta property=\"og:site_name\" content=\"Fundaci\u00f3 Gala - Salvador Dal\u00ed\" \/>\n<meta property=\"article:publisher\" content=\"https:\/\/www.facebook.com\/MuseusDali\" \/>\n<meta property=\"article:modified_time\" content=\"2026-04-24T08:06:25+00:00\" \/>\n<meta property=\"og:image\" content=\"https:\/\/www.salvador-dali.org\/wp-content\/uploads\/2026\/04\/Foto02_DSC01539-scaled.jpg\" \/>\n\t<meta property=\"og:image:width\" content=\"1920\" \/>\n\t<meta property=\"og:image:height\" content=\"2560\" \/>\n\t<meta property=\"og:image:type\" content=\"image\/jpeg\" \/>\n<meta name=\"twitter:card\" content=\"summary_large_image\" \/>\n<meta name=\"twitter:site\" content=\"@MuseuDali\" \/>\n<meta name=\"twitter:label1\" content=\"Est. reading time\" \/>\n\t<meta name=\"twitter:data1\" content=\"3 minutes\" \/>\n<script type=\"application\/ld+json\" class=\"yoast-schema-graph\">{\"@context\":\"https:\\\/\\\/schema.org\",\"@graph\":[{\"@type\":\"WebPage\",\"@id\":\"https:\\\/\\\/www.salvador-dali.org\\\/en\\\/artwork\\\/conservation-and-restoration\\\/restoration-of-the-jewel-the-angel-cross-3\\\/\",\"url\":\"https:\\\/\\\/www.salvador-dali.org\\\/en\\\/artwork\\\/conservation-and-restoration\\\/restoration-of-the-jewel-the-angel-cross-3\\\/\",\"name\":\"RESTORATION OF THE CYPRUS-BOAT - Fundaci\u00f3 Gala - Salvador Dal\u00ed\",\"isPartOf\":{\"@id\":\"https:\\\/\\\/www.salvador-dali.org\\\/en\\\/#website\"},\"primaryImageOfPage\":{\"@id\":\"https:\\\/\\\/www.salvador-dali.org\\\/en\\\/artwork\\\/conservation-and-restoration\\\/restoration-of-the-jewel-the-angel-cross-3\\\/#primaryimage\"},\"image\":{\"@id\":\"https:\\\/\\\/www.salvador-dali.org\\\/en\\\/artwork\\\/conservation-and-restoration\\\/restoration-of-the-jewel-the-angel-cross-3\\\/#primaryimage\"},\"thumbnailUrl\":\"https:\\\/\\\/www.salvador-dali.org\\\/wp-content\\\/uploads\\\/2026\\\/04\\\/Foto02_DSC01539-scaled.jpg\",\"datePublished\":\"2026-04-08T15:41:57+00:00\",\"dateModified\":\"2026-04-24T08:06:25+00:00\",\"breadcrumb\":{\"@id\":\"https:\\\/\\\/www.salvador-dali.org\\\/en\\\/artwork\\\/conservation-and-restoration\\\/restoration-of-the-jewel-the-angel-cross-3\\\/#breadcrumb\"},\"inLanguage\":\"en-US\",\"potentialAction\":[{\"@type\":\"ReadAction\",\"target\":[\"https:\\\/\\\/www.salvador-dali.org\\\/en\\\/artwork\\\/conservation-and-restoration\\\/restoration-of-the-jewel-the-angel-cross-3\\\/\"]}]},{\"@type\":\"ImageObject\",\"inLanguage\":\"en-US\",\"@id\":\"https:\\\/\\\/www.salvador-dali.org\\\/en\\\/artwork\\\/conservation-and-restoration\\\/restoration-of-the-jewel-the-angel-cross-3\\\/#primaryimage\",\"url\":\"https:\\\/\\\/www.salvador-dali.org\\\/wp-content\\\/uploads\\\/2026\\\/04\\\/Foto02_DSC01539-scaled.jpg\",\"contentUrl\":\"https:\\\/\\\/www.salvador-dali.org\\\/wp-content\\\/uploads\\\/2026\\\/04\\\/Foto02_DSC01539-scaled.jpg\",\"width\":1920,\"height\":2560,\"caption\":\"Before the restoration\"},{\"@type\":\"BreadcrumbList\",\"@id\":\"https:\\\/\\\/www.salvador-dali.org\\\/en\\\/artwork\\\/conservation-and-restoration\\\/restoration-of-the-jewel-the-angel-cross-3\\\/#breadcrumb\",\"itemListElement\":[{\"@type\":\"ListItem\",\"position\":1,\"name\":\"Inici\",\"item\":\"https:\\\/\\\/www.salvador-dali.org\\\/en\\\/\"},{\"@type\":\"ListItem\",\"position\":2,\"name\":\"RESTORATION OF THE CYPRUS-BOAT\"}]},{\"@type\":\"WebSite\",\"@id\":\"https:\\\/\\\/www.salvador-dali.org\\\/en\\\/#website\",\"url\":\"https:\\\/\\\/www.salvador-dali.org\\\/en\\\/\",\"name\":\"Fundaci\u00f3 Gala - Salvador Dal\u00ed\",\"description\":\"\",\"publisher\":{\"@id\":\"https:\\\/\\\/www.salvador-dali.org\\\/en\\\/#organization\"},\"potentialAction\":[{\"@type\":\"SearchAction\",\"target\":{\"@type\":\"EntryPoint\",\"urlTemplate\":\"https:\\\/\\\/www.salvador-dali.org\\\/en\\\/?s={search_term_string}\"},\"query-input\":{\"@type\":\"PropertyValueSpecification\",\"valueRequired\":true,\"valueName\":\"search_term_string\"}}],\"inLanguage\":\"en-US\"},{\"@type\":\"Organization\",\"@id\":\"https:\\\/\\\/www.salvador-dali.org\\\/en\\\/#organization\",\"name\":\"Fundaci\u00f3 Gala - Salvador Dal\u00ed\",\"url\":\"https:\\\/\\\/www.salvador-dali.org\\\/en\\\/\",\"logo\":{\"@type\":\"ImageObject\",\"inLanguage\":\"en-US\",\"@id\":\"https:\\\/\\\/www.salvador-dali.org\\\/en\\\/#\\\/schema\\\/logo\\\/image\\\/\",\"url\":\"https:\\\/\\\/www.salvador-dali.org\\\/wp-content\\\/uploads\\\/2025\\\/04\\\/fundacio-gala-salvador-dali.png\",\"contentUrl\":\"https:\\\/\\\/www.salvador-dali.org\\\/wp-content\\\/uploads\\\/2025\\\/04\\\/fundacio-gala-salvador-dali.png\",\"width\":240,\"height\":240,\"caption\":\"Fundaci\u00f3 Gala - Salvador Dal\u00ed\"},\"image\":{\"@id\":\"https:\\\/\\\/www.salvador-dali.org\\\/en\\\/#\\\/schema\\\/logo\\\/image\\\/\"},\"sameAs\":[\"https:\\\/\\\/www.facebook.com\\\/MuseusDali\",\"https:\\\/\\\/x.com\\\/MuseuDali\",\"https:\\\/\\\/www.youtube.com\\\/user\\\/FundacioDali\",\"https:\\\/\\\/www.flickr.com\\\/fundacio_dali\\\/\",\"https:\\\/\\\/instagram.com\\\/museudali\"]}]}<\/script>\n<!-- \/ Yoast SEO plugin. -->","yoast_head_json":{"title":"RESTORATION OF THE CYPRUS-BOAT - Fundaci\u00f3 Gala - Salvador Dal\u00ed","robots":{"index":"index","follow":"follow","max-snippet":"max-snippet:-1","max-image-preview":"max-image-preview:large","max-video-preview":"max-video-preview:-1"},"canonical":"https:\/\/www.salvador-dali.org\/en\/artwork\/conservation-and-restoration\/restoration-of-the-jewel-the-angel-cross-3\/","og_locale":"en_US","og_type":"article","og_title":"RESTORATION OF THE CYPRUS-BOAT - Fundaci\u00f3 Gala - Salvador Dal\u00ed","og_description":"The Cypress Boat is an original and unique installation created by Salvador Dal\u00ed, composed of a boat and a cypress tree. It has become the symbol that identifies the Dal\u00ed House in Portlligat. When Dal\u00ed removes the boat from the water and transforms it into a sculptural work, it loses its original function and acquires [&hellip;]","og_url":"https:\/\/www.salvador-dali.org\/en\/artwork\/conservation-and-restoration\/restoration-of-the-jewel-the-angel-cross-3\/","og_site_name":"Fundaci\u00f3 Gala - Salvador Dal\u00ed","article_publisher":"https:\/\/www.facebook.com\/MuseusDali","article_modified_time":"2026-04-24T08:06:25+00:00","og_image":[{"width":1920,"height":2560,"url":"https:\/\/www.salvador-dali.org\/wp-content\/uploads\/2026\/04\/Foto02_DSC01539-scaled.jpg","type":"image\/jpeg"}],"twitter_card":"summary_large_image","twitter_site":"@MuseuDali","twitter_misc":{"Est. reading time":"3 minutes"},"schema":{"@context":"https:\/\/schema.org","@graph":[{"@type":"WebPage","@id":"https:\/\/www.salvador-dali.org\/en\/artwork\/conservation-and-restoration\/restoration-of-the-jewel-the-angel-cross-3\/","url":"https:\/\/www.salvador-dali.org\/en\/artwork\/conservation-and-restoration\/restoration-of-the-jewel-the-angel-cross-3\/","name":"RESTORATION OF THE CYPRUS-BOAT - Fundaci\u00f3 Gala - Salvador Dal\u00ed","isPartOf":{"@id":"https:\/\/www.salvador-dali.org\/en\/#website"},"primaryImageOfPage":{"@id":"https:\/\/www.salvador-dali.org\/en\/artwork\/conservation-and-restoration\/restoration-of-the-jewel-the-angel-cross-3\/#primaryimage"},"image":{"@id":"https:\/\/www.salvador-dali.org\/en\/artwork\/conservation-and-restoration\/restoration-of-the-jewel-the-angel-cross-3\/#primaryimage"},"thumbnailUrl":"https:\/\/www.salvador-dali.org\/wp-content\/uploads\/2026\/04\/Foto02_DSC01539-scaled.jpg","datePublished":"2026-04-08T15:41:57+00:00","dateModified":"2026-04-24T08:06:25+00:00","breadcrumb":{"@id":"https:\/\/www.salvador-dali.org\/en\/artwork\/conservation-and-restoration\/restoration-of-the-jewel-the-angel-cross-3\/#breadcrumb"},"inLanguage":"en-US","potentialAction":[{"@type":"ReadAction","target":["https:\/\/www.salvador-dali.org\/en\/artwork\/conservation-and-restoration\/restoration-of-the-jewel-the-angel-cross-3\/"]}]},{"@type":"ImageObject","inLanguage":"en-US","@id":"https:\/\/www.salvador-dali.org\/en\/artwork\/conservation-and-restoration\/restoration-of-the-jewel-the-angel-cross-3\/#primaryimage","url":"https:\/\/www.salvador-dali.org\/wp-content\/uploads\/2026\/04\/Foto02_DSC01539-scaled.jpg","contentUrl":"https:\/\/www.salvador-dali.org\/wp-content\/uploads\/2026\/04\/Foto02_DSC01539-scaled.jpg","width":1920,"height":2560,"caption":"Before the restoration"},{"@type":"BreadcrumbList","@id":"https:\/\/www.salvador-dali.org\/en\/artwork\/conservation-and-restoration\/restoration-of-the-jewel-the-angel-cross-3\/#breadcrumb","itemListElement":[{"@type":"ListItem","position":1,"name":"Inici","item":"https:\/\/www.salvador-dali.org\/en\/"},{"@type":"ListItem","position":2,"name":"RESTORATION OF THE CYPRUS-BOAT"}]},{"@type":"WebSite","@id":"https:\/\/www.salvador-dali.org\/en\/#website","url":"https:\/\/www.salvador-dali.org\/en\/","name":"Fundaci\u00f3 Gala - Salvador Dal\u00ed","description":"","publisher":{"@id":"https:\/\/www.salvador-dali.org\/en\/#organization"},"potentialAction":[{"@type":"SearchAction","target":{"@type":"EntryPoint","urlTemplate":"https:\/\/www.salvador-dali.org\/en\/?s={search_term_string}"},"query-input":{"@type":"PropertyValueSpecification","valueRequired":true,"valueName":"search_term_string"}}],"inLanguage":"en-US"},{"@type":"Organization","@id":"https:\/\/www.salvador-dali.org\/en\/#organization","name":"Fundaci\u00f3 Gala - Salvador Dal\u00ed","url":"https:\/\/www.salvador-dali.org\/en\/","logo":{"@type":"ImageObject","inLanguage":"en-US","@id":"https:\/\/www.salvador-dali.org\/en\/#\/schema\/logo\/image\/","url":"https:\/\/www.salvador-dali.org\/wp-content\/uploads\/2025\/04\/fundacio-gala-salvador-dali.png","contentUrl":"https:\/\/www.salvador-dali.org\/wp-content\/uploads\/2025\/04\/fundacio-gala-salvador-dali.png","width":240,"height":240,"caption":"Fundaci\u00f3 Gala - Salvador Dal\u00ed"},"image":{"@id":"https:\/\/www.salvador-dali.org\/en\/#\/schema\/logo\/image\/"},"sameAs":["https:\/\/www.facebook.com\/MuseusDali","https:\/\/x.com\/MuseuDali","https:\/\/www.youtube.com\/user\/FundacioDali","https:\/\/www.flickr.com\/fundacio_dali\/","https:\/\/instagram.com\/museudali"]}]}},"_links":{"self":[{"href":"https:\/\/www.salvador-dali.org\/en\/wp-json\/wp\/v2\/pages\/15838","targetHints":{"allow":["GET"]}}],"collection":[{"href":"https:\/\/www.salvador-dali.org\/en\/wp-json\/wp\/v2\/pages"}],"about":[{"href":"https:\/\/www.salvador-dali.org\/en\/wp-json\/wp\/v2\/types\/page"}],"author":[{"embeddable":true,"href":"https:\/\/www.salvador-dali.org\/en\/wp-json\/wp\/v2\/users\/8"}],"replies":[{"embeddable":true,"href":"https:\/\/www.salvador-dali.org\/en\/wp-json\/wp\/v2\/comments?post=15838"}],"version-history":[{"count":5,"href":"https:\/\/www.salvador-dali.org\/en\/wp-json\/wp\/v2\/pages\/15838\/revisions"}],"predecessor-version":[{"id":15875,"href":"https:\/\/www.salvador-dali.org\/en\/wp-json\/wp\/v2\/pages\/15838\/revisions\/15875"}],"up":[{"embeddable":true,"href":"https:\/\/www.salvador-dali.org\/en\/wp-json\/wp\/v2\/pages\/7622"}],"wp:featuredmedia":[{"embeddable":true,"href":"https:\/\/www.salvador-dali.org\/en\/wp-json\/wp\/v2\/media\/15767"}],"wp:attachment":[{"href":"https:\/\/www.salvador-dali.org\/en\/wp-json\/wp\/v2\/media?parent=15838"}],"wp:term":[{"taxonomy":"category","embeddable":true,"href":"https:\/\/www.salvador-dali.org\/en\/wp-json\/wp\/v2\/categories?post=15838"},{"taxonomy":"post_tag","embeddable":true,"href":"https:\/\/www.salvador-dali.org\/en\/wp-json\/wp\/v2\/tags?post=15838"}],"curies":[{"name":"wp","href":"https:\/\/api.w.org\/{rel}","templated":true}]}}