{"version":"1.0","provider_name":"Fundaci\u00f3 Gala - Salvador Dal\u00ed","provider_url":"https:\/\/www.salvador-dali.org\/es\/","title":"Picasso\/Dal\u00ed, Dal\u00ed\/Picasso - Fundaci\u00f3 Gala - Salvador Dal\u00ed","type":"rich","width":600,"height":338,"html":"<blockquote class=\"wp-embedded-content\" data-secret=\"hnwujDCCbo\"><a href=\"https:\/\/www.salvador-dali.org\/es\/fundacion-dali\/noticia\/picasso-dali-dali-picasso\/\">Picasso\/Dal\u00ed, Dal\u00ed\/Picasso<\/a><\/blockquote><iframe sandbox=\"allow-scripts\" security=\"restricted\" src=\"https:\/\/www.salvador-dali.org\/es\/fundacion-dali\/noticia\/picasso-dali-dali-picasso\/embed\/#?secret=hnwujDCCbo\" width=\"600\" height=\"338\" title=\"\u00abPicasso\/Dal\u00ed, Dal\u00ed\/Picasso\u00bb \u2014 Fundaci\u00f3 Gala - Salvador Dal\u00ed\" data-secret=\"hnwujDCCbo\" frameborder=\"0\" marginwidth=\"0\" marginheight=\"0\" scrolling=\"no\" class=\"wp-embedded-content\"><\/iframe><script>\n\/*! This file is auto-generated *\/\n!function(d,l){\"use strict\";l.querySelector&&d.addEventListener&&\"undefined\"!=typeof URL&&(d.wp=d.wp||{},d.wp.receiveEmbedMessage||(d.wp.receiveEmbedMessage=function(e){var t=e.data;if((t||t.secret||t.message||t.value)&&!\/[^a-zA-Z0-9]\/.test(t.secret)){for(var s,r,n,a=l.querySelectorAll('iframe[data-secret=\"'+t.secret+'\"]'),o=l.querySelectorAll('blockquote[data-secret=\"'+t.secret+'\"]'),c=new RegExp(\"^https?:$\",\"i\"),i=0;i<o.length;i++)o[i].style.display=\"none\";for(i=0;i<a.length;i++)s=a[i],e.source===s.contentWindow&&(s.removeAttribute(\"style\"),\"height\"===t.message?(1e3<(r=parseInt(t.value,10))?r=1e3:~~r<200&&(r=200),s.height=r):\"link\"===t.message&&(r=new URL(s.getAttribute(\"src\")),n=new URL(t.value),c.test(n.protocol))&&n.host===r.host&&l.activeElement===s&&(d.top.location.href=t.value))}},d.addEventListener(\"message\",d.wp.receiveEmbedMessage,!1),l.addEventListener(\"DOMContentLoaded\",function(){for(var e,t,s=l.querySelectorAll(\"iframe.wp-embedded-content\"),r=0;r<s.length;r++)(t=(e=s[r]).getAttribute(\"data-secret\"))||(t=Math.random().toString(36).substring(2,12),e.src+=\"#?secret=\"+t,e.setAttribute(\"data-secret\",t)),e.contentWindow.postMessage({message:\"ready\",secret:t},\"*\")},!1)))}(window,document);\n\/\/# sourceURL=https:\/\/www.salvador-dali.org\/wp-includes\/js\/wp-embed.min.js\n<\/script>\n","thumbnail_url":"https:\/\/www.salvador-dali.org\/wp-content\/uploads\/2025\/05\/0052_retratpicasso_1427972772_1024.jpg","thumbnail_width":1000,"thumbnail_height":1188,"description":"La Fundaci\u00f3n Dal\u00ed ha prestado obra a la exposici\u00f3n Picasso\/Dal\u00ed, Dal\u00ed\/Picasso que puede verse desde el 20 de marzo hasta el 28 de junio en el Museo Picasso de Barcelona. La muestra, que fue inaugurada en el Salvador Dal\u00ed Museum de Florida, estudia por primera vez las relaciones entre dos figuras clave del arte del [&hellip;]"}