{"id":15182,"date":"2026-03-06T12:44:24","date_gmt":"2026-03-06T11:44:24","guid":{"rendered":"https:\/\/www.salvador-dali.org\/?page_id=15182"},"modified":"2026-03-06T13:45:49","modified_gmt":"2026-03-06T12:45:49","slug":"la-mujer-visible","status":"publish","type":"page","link":"https:\/\/www.salvador-dali.org\/es\/dali-y-gala\/gala\/la-mujer-visible\/","title":{"rendered":"La mujer visible"},"content":{"rendered":"\n<div class=\"wp-block-columns global-column is-layout-flex wp-container-core-columns-is-layout-9d6595d7 wp-block-columns-is-layout-flex\">\n<div class=\"wp-block-column is-layout-flow wp-block-column-is-layout-flow\">\n<p class=\"entradeta\">Cuando Gala hace su aparici\u00f3n en la vida de Salvador Dal\u00ed, en el verano de 1929, es una de las musas m\u00e1s reconocidas del surrealismo. Su influencia es tal, que, cuando un miembro del grupo obtiene \u00e9xito con un trabajo, de inmediato corre el rumor de que ha sido as\u00ed porque se ha enamorado de ella. Lo cierto es que, en aquel momento, poetas, pintores y fot\u00f3grafos ya le han consagrado algunas de sus mejores obras. Su marido, Paul \u00c9luard, el poeta m\u00e1s apreciado de los surrealistas, le dedica los versos m\u00e1s cautivadores y oscuros. El pintor Max Ernst la incluye en la obra <em>Au rendez-vous des amis<\/em>&nbsp;(1922), retrato colectivo del grupo surrealista en el que ella es la \u00fanica mujer representada. El pintor metaf\u00edsico Giorgio de Chirico elogia y ensalza su inteligencia, y Man Ray la inmortaliza en una de las fotograf\u00edas m\u00e1s reveladoras y recordadas de Gala, que en 1930 ser\u00e1 incluida en el folleto promocional y el libro <em>La Femme visible (La mujer visible)<\/em> de Salvador Dal\u00ed.<\/p>\n<\/div>\n<\/div>\n\n\n\n<div class=\"wp-block-columns global-column contingut-ampliat centre is-layout-flex wp-container-core-columns-is-layout-9d6595d7 wp-block-columns-is-layout-flex\">\n<div class=\"wp-block-column is-layout-flow wp-block-column-is-layout-flow\" style=\"flex-basis:100%\">\n<div class=\"wp-block-buttons is-layout-flex wp-block-buttons-is-layout-flex\">\n<div class=\"wp-block-button contingut-ampliat-boto\"><a class=\"wp-block-button__link wp-element-button\">Saber m\u00e1s<\/a><\/div>\n<\/div>\n\n\n\n<div class=\"wp-block-columns contingut-ampliat-content is-layout-flex wp-container-core-columns-is-layout-9d6595d7 wp-block-columns-is-layout-flex\">\n<div class=\"wp-block-column is-layout-flow wp-block-column-is-layout-flow\">\n<figure class=\"wp-block-pullquote\"><blockquote><p>Y ella quer\u00eda algo \u2014algo que ser\u00eda la consumaci\u00f3n de su propio mito\u2014. Y lo que ella quer\u00eda era algo que, seg\u00fan empezaba a pensarlo, \u00a1acaso s\u00f3lo yo podr\u00eda d\u00e1rselo!<\/p><cite>Salvador Dal\u00ed,<em>The secret life of Salvador Dal\u00ed<\/em>, Nueva York, Dial Press, Nueva York, 1942<\/cite><\/blockquote><\/figure>\n\n\n\n<p>ACon su mirada incisiva y dotada de una gran intuici\u00f3n, Gala enseguida percibe en Dal\u00ed el gran artista que puede llegar a ser y vislumbra con claridad la posibilidad de consumar su propio mito. Por eso, no duda en abandonarlo todo \u2014esposo, hija, una vida acomodada en Par\u00eds\u2014 para dedicarse en cuerpo y alma a impulsar la carrera del prometedor artista y procurarle la confianza en s\u00ed mismo que necesita para convertirse en el renovador del movimiento surrealista y en uno de sus m\u00e1ximos exponentes. El artista, a cambio, la convierte en la protagonista, y destinataria, de sus mejores obras.<\/p>\n\n\n\n<p>El recorrido por la creaci\u00f3n daliniana proyecta una imagen de Gala siempre diferente, escurridiza. En un juego de m\u00e1scaras infinito, Gala es muchas Galas: es Gradiva, la hero\u00edna misteriosa de la novela de W. Jensen que avanza se\u00f1alando el camino; es la esfinge que, bajo la piel, custodia el secreto de Dal\u00ed; es el objeto de deseo, la espalda eterna, la serena perfecci\u00f3n de una arquitectura del Renacimiento; es Leda at\u00f3mica, la madona de Portlligat; es fortaleza&#8230; Pero todas estas m\u00e1scaras no son m\u00e1s que un espejismo, un <em>trompe-l&#8217;\u0153il<\/em>. La mujer visible, mitificada y sacralizada, oculta a la mujer real, de carne y hueso, que trabaja infatigablemente en su proyecto m\u00e1s ambicioso: quiere pasar a la historia como una leyenda.<\/p>\n\n\n\n<div style=\"height:50px\" aria-hidden=\"true\" class=\"wp-block-spacer\"><\/div>\n<\/div>\n<\/div>\n<\/div>\n<\/div>\n\n\n\n<div class=\"wp-block-columns global-column is-layout-flex wp-container-core-columns-is-layout-9d6595d7 wp-block-columns-is-layout-flex\">\n<div class=\"wp-block-column is-layout-flow wp-block-column-is-layout-flow\">\n\n<script>var is_masonry=false;<\/script>\t\t\t\t\t<div class=\"swiper coeli-swiper-heritageobject coeli-swiper-agrupacions coeli-swiper-15030\" \t\t\t\tid=\"coeli-swiper-15030\">\n\t\t\t\t<!-- Additional required wrapper -->\n\t\t\t\t<ul class=\"swiper-wrapper coeli-result-list\" id=\"coeli-ul-agrupacio-15030\">\n\t\t\t\t\t<!-- Slides -->\n\t\t\t\t\t\t\t\t\t\t\t<li id=\"4321-f9cb\"\n\t\t\t\t\t\t\tclass=\"swiper-slide s-4 t-1 m-4\"><a href=\"https:\/\/www.salvador-dali.org\/heritageobject\/4321-f9cb\/\"><figure class=\"image portraitmedia-medium\"><img decoding=\"async\" alt=\"\" src=\"https:\/\/d1i5r06pd82mff.cloudfront.net\/public\/DigitalAsset\/19ca0adf-6628-6da7-3a1f-543b276900e9\/8dfd9ca1c7333d032e405b9668b9f343\/full\/medium\/0\/default.jpg\"><\/figure><p class=\"coeli-title\">Andr\u00e9 Breton, Robert Desnos, Joseph Delteil, Paul \u00c9luard, Gala, Max Morise, Max Ernst y Simone Breton en una feria de Montmartre, Paris<\/p><p class=\"coeli-production-date\">c. 1923<\/p><\/a><\/li>\n\t\t\t\t\t\t\t\t\t\t\t<li id=\"12338\"\n\t\t\t\t\t\t\tclass=\"swiper-slide s-4 t-1 m-4\"><a href=\"https:\/\/www.salvador-dali.org\/heritageobject\/12338\/\"><figure class=\"image portraitmedia-medium\"><img decoding=\"async\" alt=\"\" src=\"https:\/\/d1i5r06pd82mff.cloudfront.net\/public\/DigitalAsset\/8ed841a2-4f7b-6c31-44de-772069ddc434\/8a40b3152a617833b1a660a66f70c69b\/full\/medium\/0\/default.jpg\"><\/figure><p class=\"coeli-title\">C\u00e9cile \u00c9luard, Gala, Max Ernst y personage no identificado en Eaubonne<\/p><p class=\"coeli-production-date\">c.1923<\/p><\/a><\/li>\n\t\t\t\t\t\t\t\t\t\t\t<li id=\"30573\"\n\t\t\t\t\t\t\tclass=\"swiper-slide s-4 t-1 m-4\"><a href=\"https:\/\/www.salvador-dali.org\/heritageobject\/30573\/\"><figure class=\"image portraitmedia-medium\"><img decoding=\"async\" alt=\"\" src=\"https:\/\/d1i5r06pd82mff.cloudfront.net\/public\/DigitalAsset\/55e03fd4-3e4e-52c6-9a9c-dcf3904a356a\/03e7b74f4440335056a8b873fac7f007\/full\/medium\/0\/default.jpg\"><\/figure><p class=\"coeli-title\">La Femme Visible<\/p><p class=\"coeli-production-actorsinrole-actors\">Dal\u00ed, Salvador<\/p><p class=\"coeli-production-date\">1930<\/p><\/a><\/li>\n\t\t\t\t\t\t\t\t\t\t\t<li id=\"6988\"\n\t\t\t\t\t\t\tclass=\"swiper-slide s-4 t-1 m-4\"><a href=\"https:\/\/www.salvador-dali.org\/heritageobject\/6988\/\"><figure class=\"image portraitmedia-medium\"><img decoding=\"async\" alt=\"\" src=\"https:\/\/d1i5r06pd82mff.cloudfront.net\/public\/DigitalAsset\/f5013e23-121d-7902-d0d4-af2d6e12e447\/5cb17336867df3d79f510df8fd004414\/full\/medium\/0\/default.jpg\"><\/figure><p class=\"coeli-title\">Gala<\/p><p class=\"coeli-production-actorsinrole-actors\">Dal\u00ed i Dom\u00e8nech, Salvador<\/p><p class=\"coeli-production-date\">1931<\/p><p class=\"coeli-creditLine\">Fundaci\u00f3 Gala-Salvador Dal\u00ed, Figueres<\/p><\/a><\/li>\n\t\t\t\t\t\t\t\t\t\t\t<li id=\"5683-baf7\"\n\t\t\t\t\t\t\tclass=\"swiper-slide s-4 t-1 m-4\"><a href=\"https:\/\/www.salvador-dali.org\/heritageobject\/5683-baf7\/\"><figure class=\"image portraitmedia-medium\"><img decoding=\"async\" alt=\"\" src=\"https:\/\/d1i5r06pd82mff.cloudfront.net\/public\/DigitalAsset\/7a658d12-cd47-c4fc-5557-b5dee3c3bc30\/99d07b5e6cbc2994d4c16d5a5b7fb5a6\/full\/medium\/0\/default.jpg\"><\/figure><p class=\"coeli-title\">..Gradiva&#8230; Ilustraci\u00f3n para \u00abThe Secret Life of Salvador Dal\u00ed\u00bb<\/p><p class=\"coeli-production-actorsinrole-actors\">Dal\u00ed i Dom\u00e8nech, Salvador<\/p><p class=\"coeli-production-date\">[c. 1939-41]<\/p><\/a><\/li>\n\t\t\t\t\t\t\t\t\t\t\t<li id=\"54\"\n\t\t\t\t\t\t\tclass=\"swiper-slide s-4 t-1 m-4\"><a href=\"https:\/\/www.salvador-dali.org\/heritageobject\/54\/\"><figure class=\"image portraitmedia-medium\"><img decoding=\"async\" alt=\"\" src=\"https:\/\/d1i5r06pd82mff.cloudfront.net\/public\/DigitalAsset\/0fecc826-7664-359d-8014-e96e1cc8282d\/823791de4367c0ac58e11380fd26e10d\/full\/medium\/0\/default.jpg\"><\/figure><p class=\"coeli-title\">Gala Placidia<\/p><p class=\"coeli-production-actorsinrole-actors\">Dal\u00ed i Dom\u00e8nech, Salvador<\/p><p class=\"coeli-production-date\">1952<\/p><p class=\"coeli-creditLine\">Fundaci\u00f3 Gala-Salvador Dal\u00ed, Figueres<\/p><\/a><\/li>\n\t\t\t\t\t\t\t\t\t\t\t<li id=\"4544\"\n\t\t\t\t\t\t\tclass=\"swiper-slide s-4 t-1 m-4\"><a href=\"https:\/\/www.salvador-dali.org\/heritageobject\/4544\/\"><figure class=\"image portraitmedia-medium\"><img decoding=\"async\" alt=\"\" src=\"https:\/\/d1i5r06pd82mff.cloudfront.net\/public\/DigitalAsset\/472fcb12-7d7d-49cf-8de2-0a57e97fd136\/e4f414729be6d2b794fd54008b122dae\/full\/medium\/0\/default.jpg\"><\/figure><p class=\"coeli-title\">L&#8217;immortalit\u00e9 (La inmortalidad)<\/p><p class=\"coeli-production-actorsinrole-actors\">Dal\u00ed i Dom\u00e8nech, Salvador<\/p><p class=\"coeli-production-date\">1976<\/p><\/a><\/li>\n\t\t\t\t\t\t\t\t\t<\/ul>\n\t\t\t\t\t\t\t\t\t\t\t\t\t<!-- If we need navigation buttons -->\n\t\t\t\t\t<div class=\"swiper-button-prev coeli-swiper-prev-15030\"><\/div>\n\t\t\t\t\t<div class=\"swiper-button-next coeli-swiper-next-15030\"><\/div>\n\t\t\t\t\t\t\t<\/div>\n\t\t\t<script>\n\t\t\t\tvar slider_args_15030= {\n\t\t\t\t\t\/\/ Optional parameters\n\t\t\t\t\tdirection: 'horizontal',\n\t\t\t\t\tbreakpoints: {\n\t\t\t\t\t\t640: {\n\t\t\t\t\t\t\tslidesPerView: 1,\n\t\t\t\t\t\t\tspaceBetween: 0,\n\t\t\t\t\t\t},\n\t\t\t\t\t\t768: {\n\t\t\t\t\t\t\tslidesPerView: 1,\n\t\t\t\t\t\t\tspaceBetween: 0,\n\t\t\t\t\t\t},\n\t\t\t\t\t\t1024: {\n\t\t\t\t\t\t\tslidesPerView: 4,\n\t\t\t\t\t\t\tspaceBetween: 0,\n\t\t\t\t\t\t},\n\t\t\t\t\t},\n\t\t\t\t\t\t\t\t\t\tautoplay: {\n\t\t\t\t\t\tdelay: 2500000,\n\t\t\t\t\t\tdisableOnInteraction: false,\n\t\t\t\t\t},\n\t\t\t\t\t\t\t\t\t\t\t\t\t\t\t\t\t\t\t\tspeed: 300,\n\t\t\t\t\t\t\t\t\t\tloop: false,\n\t\t\t\t\t\/\/ If we need pagination\n\t\t\t\t\tpagination: {\n\t\t\t\t\t\tel: '.swiper-pagination-15030',\n\t\t\t\t\t},\n\t\t\t\t\t\/\/ Navigation arrows\n\t\t\t\t\tnavigation: {\n\t\t\t\t\t\tnextEl: '.coeli-swiper-next-15030',\n\t\t\t\t\t\tprevEl: '.coeli-swiper-prev-15030',\n\t\t\t\t\t}\n\t\t\t\t}\n\t\t\t<\/script>\n\t\t<\/div>\n<\/div>\n\n\n    <div  class=\"wp-block-columns swiper-column   destacat bloc-destacats \" style=\"background-image: linear-gradient(to right, white, white)\">\n        <div class=\"wp-block-column\">\n            <div id=\"swiper-69f2f6a590974\" class=\"swiper destacats dues\" >\n                <div class=\"swiper-wrapper\">\n\n                                            <div class=\"swiper-slide intro\">\n                            <h2>M\u00e1s sobre Gala<\/h2>\n                            <div class=\"descripcio\"><p>Descubre las m\u00faltiples facetas de Gala: musa, mujer culta e inquieta, figura visible y enigm\u00e1tica, creadora de un universo est\u00e9tico propio y elemento consustancial a la personalidad de Salvador Dal\u00ed. Te revelamos algunos detalles poco conocidos de su vida, una obra en constante transformaci\u00f3n que nunca deja de reinventarse.<\/p>\n<\/div>\n                                                    <\/div>\n                    \n\n                    \n                        \n                        <div class=\"swiper-slide\">\n                                                            <div class=\"banner\" style=\"background-image: url(https:\/\/www.salvador-dali.org\/wp-content\/uploads\/2026\/03\/Els-origens-i-formacio-de-Gala-portada-e1769094235321-1024x973.jpg)\">\n                                                                            <ul class=\"context\">\n                                            <li class=\"context__item\" aria-label=\"hidden\">                                            <\/li>\n                                        <\/ul>\n                                    \n                                    <h3 class=\"titol\">Los or\u00edgenes y la formaci\u00f3n de Gala<\/h3>\n                                        \n                                    <div class=\"button fletxa\"><a href=\"https:\/\/www.salvador-dali.org\/es\/dali-y-gala\/gala\/los-origenes-y-la-formacion-de-gala\/\">M\u00e1s informaci\u00f3n<\/a><\/div>\n\n                                    \n                                <\/div>\n                                                    <\/div>\n\n                    \n                        \n                        <div class=\"swiper-slide\">\n                                                            <div class=\"banner\" style=\"background-image: url(https:\/\/www.salvador-dali.org\/wp-content\/uploads\/2026\/03\/Gala-Salvador-Dali-portada-1-scaled-1-827x1024.jpg)\">\n                                                                            <ul class=\"context\">\n                                            <li class=\"context__item\" aria-label=\"hidden\">                                            <\/li>\n                                        <\/ul>\n                                    \n                                    <h3 class=\"titol\">Gala-Salvador Dal\u00ed\u202f<\/h3>\n                                        \n                                    <div class=\"button fletxa\"><a href=\"https:\/\/www.salvador-dali.org\/es\/dali-y-gala\/gala\/gala-salvador-dali\/\">M\u00e1s informaci\u00f3n<\/a><\/div>\n\n                                    \n                                <\/div>\n                                                    <\/div>\n\n                    \n                        \n                        <div class=\"swiper-slide\">\n                                                            <div class=\"banner\" style=\"background-image: url(https:\/\/www.salvador-dali.org\/wp-content\/uploads\/2026\/03\/Larxiu-de-moda-portada-e1769094108588-1024x780.jpg)\">\n                                                                            <ul class=\"context\">\n                                            <li class=\"context__item\" aria-label=\"hidden\">                                            <\/li>\n                                        <\/ul>\n                                    \n                                    <h3 class=\"titol\">El archivo de moda<\/h3>\n                                        \n                                    <div class=\"button fletxa\"><a href=\"https:\/\/www.salvador-dali.org\/es\/dali-y-gala\/gala\/el-archivo-de-moda\/\">M\u00e1s informaci\u00f3n<\/a><\/div>\n\n                                    \n                                <\/div>\n                                                    <\/div>\n\n                                    <\/div>\n                <!-- Swiper navigation buttons -->\n                <div class=\"swiper-button-prev\">\n                    <span class=\"screen-reader-text\">Diapositiva anterior<\/span>\n                <\/div>\n                <div class=\"swiper-button-next\">\n                    <span class=\"screen-reader-text\">Diapositiva siguiente<\/span>\n                <\/div>\n            <\/div>\n        <\/div>\n    <\/div>\n\n\n\n<!-- Swiper JS -->\n<script src=\"https:\/\/cdn.jsdelivr.net\/npm\/swiper@11\/swiper-bundle.min.js\"><\/script>\n\n<!-- Initialize Swiper -->\n<script>\n\njQuery( document ).ready(function() {      \n\n    Tipus = 'destacat';\n\n    updateSpaceBetween();\n    spaceBetweenInicial = 60;\n    \n    if (Tipus=='intro-images' ) {\n    \/\/    spaceBetweenValueModul = 0;\n    }\n\n\n\n    console.log(\"spaceBetweenValueModul\",spaceBetweenValueModul);\n\n    var swiper = new Swiper(\"#swiper-69f2f6a590974\", {\n      slidesPerView: \"auto\",\n      spaceBetween: spaceBetweenInicial,\n      \tfreeMode: true,\n\t  \tbreakpoints: {\n\t        \/\/ Quan l'amplada de la pantalla sigui major a 1024px\n\t        1024: {\n\t            spaceBetween: spaceBetweenValue,\n\t        },\n\t    },\n        \/\/ Navigation arrows\n        navigation: {\n            nextEl: '.swiper-button-next',\n            prevEl: '.swiper-button-prev',\n        },\n        mousewheel: {\n            releaseOnEdges: true,\n            forceToAxis: true,\n            sensitivity:    1,\n        },\n        a11y: {\n            prevSlideMessage: 'Diapositiva anterior',\n            nextSlideMessage: 'Diapositiva siguiente',\n        },\n    });\n\n\n \n\n\n    \/*\n    jQuery('.bloc-destacats').each(function() {\n        const nextDiv = jQuery(this).next('div');\n        if (nextDiv.hasClass('contingut-ampliat')) {\n            console.log('T\u00e9 .contingut-ampliat despr\u00e9s');\n            \/\/ Aqu\u00ed pots fer accions, per exemple:\n            \/\/ $nextDiv.addClass('marcat'); o $(this).append($nextDiv);\n        }\n    });\n    *\/\n})\n<\/script>\n\n","protected":false},"excerpt":{"rendered":"<p>Cuando Gala hace su aparici\u00f3n en la vida de Salvador Dal\u00ed, en el verano de 1929, es una de las musas m\u00e1s reconocidas del surrealismo. Su influencia es tal, que, cuando un miembro del grupo obtiene \u00e9xito con un trabajo, de inmediato corre el rumor de que ha sido as\u00ed porque se ha enamorado de [&hellip;]<\/p>\n","protected":false},"author":19,"featured_media":15059,"parent":15020,"menu_order":2,"comment_status":"closed","ping_status":"closed","template":"","meta":{"_acf_changed":false,"_coblocks_attr":"","_coblocks_dimensions":"","_coblocks_responsive_height":"","_coblocks_accordion_ie_support":"","footnotes":""},"categories":[],"tags":[],"class_list":["post-15182","page","type-page","status-publish","has-post-thumbnail","hentry"],"acf":[],"yoast_head":"<!-- This site is optimized with the Yoast SEO plugin v27.5 - https:\/\/yoast.com\/product\/yoast-seo-wordpress\/ -->\n<title>La mujer visible - Fundaci\u00f3 Gala - Salvador Dal\u00ed<\/title>\n<meta name=\"robots\" content=\"index, follow, max-snippet:-1, max-image-preview:large, max-video-preview:-1\" \/>\n<link rel=\"canonical\" href=\"https:\/\/www.salvador-dali.org\/es\/dali-y-gala\/gala\/la-mujer-visible\/\" \/>\n<meta property=\"og:locale\" content=\"es_ES\" \/>\n<meta property=\"og:type\" content=\"article\" \/>\n<meta property=\"og:title\" content=\"La mujer visible - Fundaci\u00f3 Gala - Salvador Dal\u00ed\" \/>\n<meta property=\"og:description\" content=\"Cuando Gala hace su aparici\u00f3n en la vida de Salvador Dal\u00ed, en el verano de 1929, es una de las musas m\u00e1s reconocidas del surrealismo. Su influencia es tal, que, cuando un miembro del grupo obtiene \u00e9xito con un trabajo, de inmediato corre el rumor de que ha sido as\u00ed porque se ha enamorado de [&hellip;]\" \/>\n<meta property=\"og:url\" content=\"https:\/\/www.salvador-dali.org\/es\/dali-y-gala\/gala\/la-mujer-visible\/\" \/>\n<meta property=\"og:site_name\" content=\"Fundaci\u00f3 Gala - Salvador Dal\u00ed\" \/>\n<meta property=\"article:publisher\" content=\"https:\/\/www.facebook.com\/MuseusDali\" \/>\n<meta property=\"article:modified_time\" content=\"2026-03-06T12:45:49+00:00\" \/>\n<meta property=\"og:image\" content=\"https:\/\/www.salvador-dali.org\/wp-content\/uploads\/2026\/03\/La-dona-visible-portada-e1769099927643.jpg\" \/>\n\t<meta property=\"og:image:width\" content=\"994\" \/>\n\t<meta property=\"og:image:height\" content=\"1373\" \/>\n\t<meta property=\"og:image:type\" content=\"image\/jpeg\" \/>\n<meta name=\"twitter:card\" content=\"summary_large_image\" \/>\n<meta name=\"twitter:site\" content=\"@MuseuDali\" \/>\n<meta name=\"twitter:label1\" content=\"Tiempo de lectura\" \/>\n\t<meta name=\"twitter:data1\" content=\"3 minutos\" \/>\n<script type=\"application\/ld+json\" class=\"yoast-schema-graph\">{\"@context\":\"https:\\\/\\\/schema.org\",\"@graph\":[{\"@type\":\"WebPage\",\"@id\":\"https:\\\/\\\/www.salvador-dali.org\\\/es\\\/dali-y-gala\\\/gala\\\/la-mujer-visible\\\/\",\"url\":\"https:\\\/\\\/www.salvador-dali.org\\\/es\\\/dali-y-gala\\\/gala\\\/la-mujer-visible\\\/\",\"name\":\"La mujer visible - Fundaci\u00f3 Gala - Salvador Dal\u00ed\",\"isPartOf\":{\"@id\":\"https:\\\/\\\/www.salvador-dali.org\\\/es\\\/#website\"},\"primaryImageOfPage\":{\"@id\":\"https:\\\/\\\/www.salvador-dali.org\\\/es\\\/dali-y-gala\\\/gala\\\/la-mujer-visible\\\/#primaryimage\"},\"image\":{\"@id\":\"https:\\\/\\\/www.salvador-dali.org\\\/es\\\/dali-y-gala\\\/gala\\\/la-mujer-visible\\\/#primaryimage\"},\"thumbnailUrl\":\"https:\\\/\\\/www.salvador-dali.org\\\/wp-content\\\/uploads\\\/2026\\\/03\\\/La-dona-visible-portada-e1769099927643.jpg\",\"datePublished\":\"2026-03-06T11:44:24+00:00\",\"dateModified\":\"2026-03-06T12:45:49+00:00\",\"breadcrumb\":{\"@id\":\"https:\\\/\\\/www.salvador-dali.org\\\/es\\\/dali-y-gala\\\/gala\\\/la-mujer-visible\\\/#breadcrumb\"},\"inLanguage\":\"es\",\"potentialAction\":[{\"@type\":\"ReadAction\",\"target\":[\"https:\\\/\\\/www.salvador-dali.org\\\/es\\\/dali-y-gala\\\/gala\\\/la-mujer-visible\\\/\"]}]},{\"@type\":\"ImageObject\",\"inLanguage\":\"es\",\"@id\":\"https:\\\/\\\/www.salvador-dali.org\\\/es\\\/dali-y-gala\\\/gala\\\/la-mujer-visible\\\/#primaryimage\",\"url\":\"https:\\\/\\\/www.salvador-dali.org\\\/wp-content\\\/uploads\\\/2026\\\/03\\\/La-dona-visible-portada-e1769099927643.jpg\",\"contentUrl\":\"https:\\\/\\\/www.salvador-dali.org\\\/wp-content\\\/uploads\\\/2026\\\/03\\\/La-dona-visible-portada-e1769099927643.jpg\",\"width\":994,\"height\":1373},{\"@type\":\"BreadcrumbList\",\"@id\":\"https:\\\/\\\/www.salvador-dali.org\\\/es\\\/dali-y-gala\\\/gala\\\/la-mujer-visible\\\/#breadcrumb\",\"itemListElement\":[{\"@type\":\"ListItem\",\"position\":1,\"name\":\"Inici\",\"item\":\"https:\\\/\\\/www.salvador-dali.org\\\/es\\\/\"},{\"@type\":\"ListItem\",\"position\":2,\"name\":\"La mujer visible\"}]},{\"@type\":\"WebSite\",\"@id\":\"https:\\\/\\\/www.salvador-dali.org\\\/es\\\/#website\",\"url\":\"https:\\\/\\\/www.salvador-dali.org\\\/es\\\/\",\"name\":\"Fundaci\u00f3 Gala - Salvador Dal\u00ed\",\"description\":\"\",\"publisher\":{\"@id\":\"https:\\\/\\\/www.salvador-dali.org\\\/es\\\/#organization\"},\"potentialAction\":[{\"@type\":\"SearchAction\",\"target\":{\"@type\":\"EntryPoint\",\"urlTemplate\":\"https:\\\/\\\/www.salvador-dali.org\\\/es\\\/?s={search_term_string}\"},\"query-input\":{\"@type\":\"PropertyValueSpecification\",\"valueRequired\":true,\"valueName\":\"search_term_string\"}}],\"inLanguage\":\"es\"},{\"@type\":\"Organization\",\"@id\":\"https:\\\/\\\/www.salvador-dali.org\\\/es\\\/#organization\",\"name\":\"Fundaci\u00f3 Gala - Salvador Dal\u00ed\",\"url\":\"https:\\\/\\\/www.salvador-dali.org\\\/es\\\/\",\"logo\":{\"@type\":\"ImageObject\",\"inLanguage\":\"es\",\"@id\":\"https:\\\/\\\/www.salvador-dali.org\\\/es\\\/#\\\/schema\\\/logo\\\/image\\\/\",\"url\":\"https:\\\/\\\/www.salvador-dali.org\\\/wp-content\\\/uploads\\\/2025\\\/04\\\/fundacio-gala-salvador-dali.png\",\"contentUrl\":\"https:\\\/\\\/www.salvador-dali.org\\\/wp-content\\\/uploads\\\/2025\\\/04\\\/fundacio-gala-salvador-dali.png\",\"width\":240,\"height\":240,\"caption\":\"Fundaci\u00f3 Gala - Salvador Dal\u00ed\"},\"image\":{\"@id\":\"https:\\\/\\\/www.salvador-dali.org\\\/es\\\/#\\\/schema\\\/logo\\\/image\\\/\"},\"sameAs\":[\"https:\\\/\\\/www.facebook.com\\\/MuseusDali\",\"https:\\\/\\\/x.com\\\/MuseuDali\",\"https:\\\/\\\/www.youtube.com\\\/user\\\/FundacioDali\",\"https:\\\/\\\/www.flickr.com\\\/fundacio_dali\\\/\",\"https:\\\/\\\/instagram.com\\\/museudali\"]}]}<\/script>\n<!-- \/ Yoast SEO plugin. -->","yoast_head_json":{"title":"La mujer visible - Fundaci\u00f3 Gala - Salvador Dal\u00ed","robots":{"index":"index","follow":"follow","max-snippet":"max-snippet:-1","max-image-preview":"max-image-preview:large","max-video-preview":"max-video-preview:-1"},"canonical":"https:\/\/www.salvador-dali.org\/es\/dali-y-gala\/gala\/la-mujer-visible\/","og_locale":"es_ES","og_type":"article","og_title":"La mujer visible - Fundaci\u00f3 Gala - Salvador Dal\u00ed","og_description":"Cuando Gala hace su aparici\u00f3n en la vida de Salvador Dal\u00ed, en el verano de 1929, es una de las musas m\u00e1s reconocidas del surrealismo. Su influencia es tal, que, cuando un miembro del grupo obtiene \u00e9xito con un trabajo, de inmediato corre el rumor de que ha sido as\u00ed porque se ha enamorado de [&hellip;]","og_url":"https:\/\/www.salvador-dali.org\/es\/dali-y-gala\/gala\/la-mujer-visible\/","og_site_name":"Fundaci\u00f3 Gala - Salvador Dal\u00ed","article_publisher":"https:\/\/www.facebook.com\/MuseusDali","article_modified_time":"2026-03-06T12:45:49+00:00","og_image":[{"width":994,"height":1373,"url":"https:\/\/www.salvador-dali.org\/wp-content\/uploads\/2026\/03\/La-dona-visible-portada-e1769099927643.jpg","type":"image\/jpeg"}],"twitter_card":"summary_large_image","twitter_site":"@MuseuDali","twitter_misc":{"Tiempo de lectura":"3 minutos"},"schema":{"@context":"https:\/\/schema.org","@graph":[{"@type":"WebPage","@id":"https:\/\/www.salvador-dali.org\/es\/dali-y-gala\/gala\/la-mujer-visible\/","url":"https:\/\/www.salvador-dali.org\/es\/dali-y-gala\/gala\/la-mujer-visible\/","name":"La mujer visible - Fundaci\u00f3 Gala - Salvador Dal\u00ed","isPartOf":{"@id":"https:\/\/www.salvador-dali.org\/es\/#website"},"primaryImageOfPage":{"@id":"https:\/\/www.salvador-dali.org\/es\/dali-y-gala\/gala\/la-mujer-visible\/#primaryimage"},"image":{"@id":"https:\/\/www.salvador-dali.org\/es\/dali-y-gala\/gala\/la-mujer-visible\/#primaryimage"},"thumbnailUrl":"https:\/\/www.salvador-dali.org\/wp-content\/uploads\/2026\/03\/La-dona-visible-portada-e1769099927643.jpg","datePublished":"2026-03-06T11:44:24+00:00","dateModified":"2026-03-06T12:45:49+00:00","breadcrumb":{"@id":"https:\/\/www.salvador-dali.org\/es\/dali-y-gala\/gala\/la-mujer-visible\/#breadcrumb"},"inLanguage":"es","potentialAction":[{"@type":"ReadAction","target":["https:\/\/www.salvador-dali.org\/es\/dali-y-gala\/gala\/la-mujer-visible\/"]}]},{"@type":"ImageObject","inLanguage":"es","@id":"https:\/\/www.salvador-dali.org\/es\/dali-y-gala\/gala\/la-mujer-visible\/#primaryimage","url":"https:\/\/www.salvador-dali.org\/wp-content\/uploads\/2026\/03\/La-dona-visible-portada-e1769099927643.jpg","contentUrl":"https:\/\/www.salvador-dali.org\/wp-content\/uploads\/2026\/03\/La-dona-visible-portada-e1769099927643.jpg","width":994,"height":1373},{"@type":"BreadcrumbList","@id":"https:\/\/www.salvador-dali.org\/es\/dali-y-gala\/gala\/la-mujer-visible\/#breadcrumb","itemListElement":[{"@type":"ListItem","position":1,"name":"Inici","item":"https:\/\/www.salvador-dali.org\/es\/"},{"@type":"ListItem","position":2,"name":"La mujer visible"}]},{"@type":"WebSite","@id":"https:\/\/www.salvador-dali.org\/es\/#website","url":"https:\/\/www.salvador-dali.org\/es\/","name":"Fundaci\u00f3 Gala - Salvador Dal\u00ed","description":"","publisher":{"@id":"https:\/\/www.salvador-dali.org\/es\/#organization"},"potentialAction":[{"@type":"SearchAction","target":{"@type":"EntryPoint","urlTemplate":"https:\/\/www.salvador-dali.org\/es\/?s={search_term_string}"},"query-input":{"@type":"PropertyValueSpecification","valueRequired":true,"valueName":"search_term_string"}}],"inLanguage":"es"},{"@type":"Organization","@id":"https:\/\/www.salvador-dali.org\/es\/#organization","name":"Fundaci\u00f3 Gala - Salvador Dal\u00ed","url":"https:\/\/www.salvador-dali.org\/es\/","logo":{"@type":"ImageObject","inLanguage":"es","@id":"https:\/\/www.salvador-dali.org\/es\/#\/schema\/logo\/image\/","url":"https:\/\/www.salvador-dali.org\/wp-content\/uploads\/2025\/04\/fundacio-gala-salvador-dali.png","contentUrl":"https:\/\/www.salvador-dali.org\/wp-content\/uploads\/2025\/04\/fundacio-gala-salvador-dali.png","width":240,"height":240,"caption":"Fundaci\u00f3 Gala - Salvador Dal\u00ed"},"image":{"@id":"https:\/\/www.salvador-dali.org\/es\/#\/schema\/logo\/image\/"},"sameAs":["https:\/\/www.facebook.com\/MuseusDali","https:\/\/x.com\/MuseuDali","https:\/\/www.youtube.com\/user\/FundacioDali","https:\/\/www.flickr.com\/fundacio_dali\/","https:\/\/instagram.com\/museudali"]}]}},"_links":{"self":[{"href":"https:\/\/www.salvador-dali.org\/es\/wp-json\/wp\/v2\/pages\/15182","targetHints":{"allow":["GET"]}}],"collection":[{"href":"https:\/\/www.salvador-dali.org\/es\/wp-json\/wp\/v2\/pages"}],"about":[{"href":"https:\/\/www.salvador-dali.org\/es\/wp-json\/wp\/v2\/types\/page"}],"author":[{"embeddable":true,"href":"https:\/\/www.salvador-dali.org\/es\/wp-json\/wp\/v2\/users\/19"}],"replies":[{"embeddable":true,"href":"https:\/\/www.salvador-dali.org\/es\/wp-json\/wp\/v2\/comments?post=15182"}],"version-history":[{"count":5,"href":"https:\/\/www.salvador-dali.org\/es\/wp-json\/wp\/v2\/pages\/15182\/revisions"}],"predecessor-version":[{"id":15331,"href":"https:\/\/www.salvador-dali.org\/es\/wp-json\/wp\/v2\/pages\/15182\/revisions\/15331"}],"up":[{"embeddable":true,"href":"https:\/\/www.salvador-dali.org\/es\/wp-json\/wp\/v2\/pages\/15020"}],"wp:featuredmedia":[{"embeddable":true,"href":"https:\/\/www.salvador-dali.org\/es\/wp-json\/wp\/v2\/media\/15059"}],"wp:attachment":[{"href":"https:\/\/www.salvador-dali.org\/es\/wp-json\/wp\/v2\/media?parent=15182"}],"wp:term":[{"taxonomy":"category","embeddable":true,"href":"https:\/\/www.salvador-dali.org\/es\/wp-json\/wp\/v2\/categories?post=15182"},{"taxonomy":"post_tag","embeddable":true,"href":"https:\/\/www.salvador-dali.org\/es\/wp-json\/wp\/v2\/tags?post=15182"}],"curies":[{"name":"wp","href":"https:\/\/api.w.org\/{rel}","templated":true}]}}