{"version":"1.0","provider_name":"Fundaci\u00f3 Gala - Salvador Dal\u00ed","provider_url":"https:\/\/www.salvador-dali.org\/fr\/","title":"Gala-Salvador Dal\u00ed\u202f - Fundaci\u00f3 Gala - Salvador Dal\u00ed","type":"rich","width":600,"height":338,"html":"<blockquote class=\"wp-embedded-content\" data-secret=\"cj9BOWCGwR\"><a href=\"https:\/\/www.salvador-dali.org\/fr\/dali-et-gala\/gala\/gala-salvador-dali\/\">Gala-Salvador Dal\u00ed\u202f<\/a><\/blockquote><iframe sandbox=\"allow-scripts\" security=\"restricted\" src=\"https:\/\/www.salvador-dali.org\/fr\/dali-et-gala\/gala\/gala-salvador-dali\/embed\/#?secret=cj9BOWCGwR\" width=\"600\" height=\"338\" title=\"\u00ab\u00a0Gala-Salvador Dal\u00ed\u202f\u00a0\u00bb &#8212; Fundaci\u00f3 Gala - Salvador Dal\u00ed\" data-secret=\"cj9BOWCGwR\" frameborder=\"0\" marginwidth=\"0\" marginheight=\"0\" scrolling=\"no\" class=\"wp-embedded-content\"><\/iframe><script>\n\/*! This file is auto-generated *\/\n!function(d,l){\"use strict\";l.querySelector&&d.addEventListener&&\"undefined\"!=typeof URL&&(d.wp=d.wp||{},d.wp.receiveEmbedMessage||(d.wp.receiveEmbedMessage=function(e){var t=e.data;if((t||t.secret||t.message||t.value)&&!\/[^a-zA-Z0-9]\/.test(t.secret)){for(var s,r,n,a=l.querySelectorAll('iframe[data-secret=\"'+t.secret+'\"]'),o=l.querySelectorAll('blockquote[data-secret=\"'+t.secret+'\"]'),c=new RegExp(\"^https?:$\",\"i\"),i=0;i<o.length;i++)o[i].style.display=\"none\";for(i=0;i<a.length;i++)s=a[i],e.source===s.contentWindow&&(s.removeAttribute(\"style\"),\"height\"===t.message?(1e3<(r=parseInt(t.value,10))?r=1e3:~~r<200&&(r=200),s.height=r):\"link\"===t.message&&(r=new URL(s.getAttribute(\"src\")),n=new URL(t.value),c.test(n.protocol))&&n.host===r.host&&l.activeElement===s&&(d.top.location.href=t.value))}},d.addEventListener(\"message\",d.wp.receiveEmbedMessage,!1),l.addEventListener(\"DOMContentLoaded\",function(){for(var e,t,s=l.querySelectorAll(\"iframe.wp-embedded-content\"),r=0;r<s.length;r++)(t=(e=s[r]).getAttribute(\"data-secret\"))||(t=Math.random().toString(36).substring(2,12),e.src+=\"#?secret=\"+t,e.setAttribute(\"data-secret\",t)),e.contentWindow.postMessage({message:\"ready\",secret:t},\"*\")},!1)))}(window,document);\n\/\/# sourceURL=https:\/\/www.salvador-dali.org\/wp-includes\/js\/wp-embed.min.js\n<\/script>\n","thumbnail_url":"https:\/\/www.salvador-dali.org\/wp-content\/uploads\/2026\/03\/Gala-Salvador-Dali-portada-1-scaled-1.jpg","thumbnail_width":2068,"thumbnail_height":2560,"description":"Depuis leur rencontre \u00e0 Cadaqu\u00e9s en 1929, Gala devient un pilier essentiel dans la trajectoire de Salvador Dal\u00ed. Tr\u00e8s rapidement, elle s\u2019impose comme sa principale collaboratrice et organise sa vie pour qu\u2019il puisse se consacrer pleinement \u00e0 la cr\u00e9ation : elle g\u00e8re son emploi du temps, assume la fonction de repr\u00e9sentante, prend en charge l\u2019organisation [&hellip;]"}