{"version":"1.0","provider_name":"Fundaci\u00f3 Gala - Salvador Dal\u00ed","provider_url":"https:\/\/www.salvador-dali.org\/fr\/","title":"Festival pour Enfants Acustiqueta - Fundaci\u00f3 Gala - Salvador Dal\u00ed","type":"rich","width":600,"height":338,"html":"<blockquote class=\"wp-embedded-content\" data-secret=\"AkOow3ve4P\"><a href=\"https:\/\/www.salvador-dali.org\/fr\/fondation-dali\/nouvelle\/festival-pour-enfants-acustiqueta\/\">Festival pour Enfants Acustiqueta<\/a><\/blockquote><iframe sandbox=\"allow-scripts\" security=\"restricted\" src=\"https:\/\/www.salvador-dali.org\/fr\/fondation-dali\/nouvelle\/festival-pour-enfants-acustiqueta\/embed\/#?secret=AkOow3ve4P\" width=\"600\" height=\"338\" title=\"\u00ab\u00a0Festival pour Enfants Acustiqueta\u00a0\u00bb &#8212; Fundaci\u00f3 Gala - Salvador Dal\u00ed\" data-secret=\"AkOow3ve4P\" frameborder=\"0\" marginwidth=\"0\" marginheight=\"0\" scrolling=\"no\" class=\"wp-embedded-content\"><\/iframe><script>\n\/*! This file is auto-generated *\/\n!function(d,l){\"use strict\";l.querySelector&&d.addEventListener&&\"undefined\"!=typeof URL&&(d.wp=d.wp||{},d.wp.receiveEmbedMessage||(d.wp.receiveEmbedMessage=function(e){var t=e.data;if((t||t.secret||t.message||t.value)&&!\/[^a-zA-Z0-9]\/.test(t.secret)){for(var s,r,n,a=l.querySelectorAll('iframe[data-secret=\"'+t.secret+'\"]'),o=l.querySelectorAll('blockquote[data-secret=\"'+t.secret+'\"]'),c=new RegExp(\"^https?:$\",\"i\"),i=0;i<o.length;i++)o[i].style.display=\"none\";for(i=0;i<a.length;i++)s=a[i],e.source===s.contentWindow&&(s.removeAttribute(\"style\"),\"height\"===t.message?(1e3<(r=parseInt(t.value,10))?r=1e3:~~r<200&&(r=200),s.height=r):\"link\"===t.message&&(r=new URL(s.getAttribute(\"src\")),n=new URL(t.value),c.test(n.protocol))&&n.host===r.host&&l.activeElement===s&&(d.top.location.href=t.value))}},d.addEventListener(\"message\",d.wp.receiveEmbedMessage,!1),l.addEventListener(\"DOMContentLoaded\",function(){for(var e,t,s=l.querySelectorAll(\"iframe.wp-embedded-content\"),r=0;r<s.length;r++)(t=(e=s[r]).getAttribute(\"data-secret\"))||(t=Math.random().toString(36).substring(2,12),e.src+=\"#?secret=\"+t,e.setAttribute(\"data-secret\",t)),e.contentWindow.postMessage({message:\"ready\",secret:t},\"*\")},!1)))}(window,document);\n\/\/# sourceURL=https:\/\/www.salvador-dali.org\/wp-includes\/js\/wp-embed.min.js\n<\/script>\n","thumbnail_url":"https:\/\/www.salvador-dali.org\/wp-content\/uploads\/2025\/05\/i5562GalaxWeb_noticies_home_223_1024.jpg","thumbnail_width":137,"thumbnail_height":201,"description":"Le Th\u00e9\u00e2tre-Mus\u00e9e de Figueres participe au Festival Ac\u00fastica avec l\u2019atelier-visite \u00ab ORCHESTRES DALINIENNES \u00bb. Avez-vous remarqu\u00e9 quel nombre d\u2019instruments apparaissent aux \u0153uvres de Salvador Dali? Des guitares, violons, mandolines, trombones, trompettes, pianos, et m\u00eame des violoncelles surr\u00e9alistes attaqu\u00e9s par une table de nuit! En outre, des doubles images avec des orgues qui ressemblent des clochers, [&hellip;]"}