{"version":"1.0","provider_name":"Fundaci\u00f3 Gala - Salvador Dal\u00ed","provider_url":"https:\/\/www.salvador-dali.org\/fr\/","title":"Ouverture nocturne au Th\u00e9\u00e2tre-Mus\u00e9e Dal\u00ed - Fundaci\u00f3 Gala - Salvador Dal\u00ed","type":"rich","width":600,"height":338,"html":"<blockquote class=\"wp-embedded-content\" data-secret=\"lgcRVXBj7t\"><a href=\"https:\/\/www.salvador-dali.org\/fr\/fondation-dali\/nouvelle\/ouverture-nocturne-au-theatre-musee-dali\/\">Ouverture nocturne au Th\u00e9\u00e2tre-Mus\u00e9e Dal\u00ed<\/a><\/blockquote><iframe sandbox=\"allow-scripts\" security=\"restricted\" src=\"https:\/\/www.salvador-dali.org\/fr\/fondation-dali\/nouvelle\/ouverture-nocturne-au-theatre-musee-dali\/embed\/#?secret=lgcRVXBj7t\" width=\"600\" height=\"338\" title=\"\u00ab\u00a0Ouverture nocturne au Th\u00e9\u00e2tre-Mus\u00e9e Dal\u00ed\u00a0\u00bb &#8212; Fundaci\u00f3 Gala - Salvador Dal\u00ed\" data-secret=\"lgcRVXBj7t\" frameborder=\"0\" marginwidth=\"0\" marginheight=\"0\" scrolling=\"no\" class=\"wp-embedded-content\"><\/iframe><script>\n\/*! This file is auto-generated *\/\n!function(d,l){\"use strict\";l.querySelector&&d.addEventListener&&\"undefined\"!=typeof URL&&(d.wp=d.wp||{},d.wp.receiveEmbedMessage||(d.wp.receiveEmbedMessage=function(e){var t=e.data;if((t||t.secret||t.message||t.value)&&!\/[^a-zA-Z0-9]\/.test(t.secret)){for(var s,r,n,a=l.querySelectorAll('iframe[data-secret=\"'+t.secret+'\"]'),o=l.querySelectorAll('blockquote[data-secret=\"'+t.secret+'\"]'),c=new RegExp(\"^https?:$\",\"i\"),i=0;i<o.length;i++)o[i].style.display=\"none\";for(i=0;i<a.length;i++)s=a[i],e.source===s.contentWindow&&(s.removeAttribute(\"style\"),\"height\"===t.message?(1e3<(r=parseInt(t.value,10))?r=1e3:~~r<200&&(r=200),s.height=r):\"link\"===t.message&&(r=new URL(s.getAttribute(\"src\")),n=new URL(t.value),c.test(n.protocol))&&n.host===r.host&&l.activeElement===s&&(d.top.location.href=t.value))}},d.addEventListener(\"message\",d.wp.receiveEmbedMessage,!1),l.addEventListener(\"DOMContentLoaded\",function(){for(var e,t,s=l.querySelectorAll(\"iframe.wp-embedded-content\"),r=0;r<s.length;r++)(t=(e=s[r]).getAttribute(\"data-secret\"))||(t=Math.random().toString(36).substring(2,12),e.src+=\"#?secret=\"+t,e.setAttribute(\"data-secret\",t)),e.contentWindow.postMessage({message:\"ready\",secret:t},\"*\")},!1)))}(window,document);\n\/\/# sourceURL=https:\/\/www.salvador-dali.org\/wp-includes\/js\/wp-embed.min.js\n<\/script>\n","thumbnail_url":"https:\/\/www.salvador-dali.org\/wp-content\/uploads\/2025\/05\/tmdnitjosepalgans_165874030277_1024.jpg","thumbnail_width":1024,"thumbnail_height":682,"description":"Le Th\u00e9\u00e2tre-Mus\u00e9e Dal\u00ed rouvre ses portes la nuit. Ce sera du samedi 30 Juillet au dimanche 28 Ao\u00fbt, de 22h \u00e0 1h (dernier acc\u00e8s 00h30). La capacit\u00e9 est limit\u00e9e \u00e0 500 personnes. Dans l&rsquo;une des cours int\u00e9rieures, des audiovisuels sont projet\u00e9s avec Dal\u00ed comme protagoniste et un verre de cava est offert. Le Th\u00e9\u00e2tre-Mus\u00e9e a [&hellip;]"}