{"version":"1.0","provider_name":"Fundaci\u00f3 Gala - Salvador Dal\u00ed","provider_url":"https:\/\/www.salvador-dali.org\/fr\/","title":"Salvador Dal\u00ed chante - Fundaci\u00f3 Gala - Salvador Dal\u00ed","type":"rich","width":600,"height":338,"html":"<blockquote class=\"wp-embedded-content\" data-secret=\"cjaSOVvCqW\"><a href=\"https:\/\/www.salvador-dali.org\/fr\/fondation-dali\/nouvelle\/salvador-dali-chante\/\">Salvador Dal\u00ed chante<\/a><\/blockquote><iframe sandbox=\"allow-scripts\" security=\"restricted\" src=\"https:\/\/www.salvador-dali.org\/fr\/fondation-dali\/nouvelle\/salvador-dali-chante\/embed\/#?secret=cjaSOVvCqW\" width=\"600\" height=\"338\" title=\"\u00ab\u00a0Salvador Dal\u00ed chante\u00a0\u00bb &#8212; Fundaci\u00f3 Gala - Salvador Dal\u00ed\" data-secret=\"cjaSOVvCqW\" frameborder=\"0\" marginwidth=\"0\" marginheight=\"0\" scrolling=\"no\" class=\"wp-embedded-content\"><\/iframe><script>\n\/*! This file is auto-generated *\/\n!function(d,l){\"use strict\";l.querySelector&&d.addEventListener&&\"undefined\"!=typeof URL&&(d.wp=d.wp||{},d.wp.receiveEmbedMessage||(d.wp.receiveEmbedMessage=function(e){var t=e.data;if((t||t.secret||t.message||t.value)&&!\/[^a-zA-Z0-9]\/.test(t.secret)){for(var s,r,n,a=l.querySelectorAll('iframe[data-secret=\"'+t.secret+'\"]'),o=l.querySelectorAll('blockquote[data-secret=\"'+t.secret+'\"]'),c=new RegExp(\"^https?:$\",\"i\"),i=0;i<o.length;i++)o[i].style.display=\"none\";for(i=0;i<a.length;i++)s=a[i],e.source===s.contentWindow&&(s.removeAttribute(\"style\"),\"height\"===t.message?(1e3<(r=parseInt(t.value,10))?r=1e3:~~r<200&&(r=200),s.height=r):\"link\"===t.message&&(r=new URL(s.getAttribute(\"src\")),n=new URL(t.value),c.test(n.protocol))&&n.host===r.host&&l.activeElement===s&&(d.top.location.href=t.value))}},d.addEventListener(\"message\",d.wp.receiveEmbedMessage,!1),l.addEventListener(\"DOMContentLoaded\",function(){for(var e,t,s=l.querySelectorAll(\"iframe.wp-embedded-content\"),r=0;r<s.length;r++)(t=(e=s[r]).getAttribute(\"data-secret\"))||(t=Math.random().toString(36).substring(2,12),e.src+=\"#?secret=\"+t,e.setAttribute(\"data-secret\",t)),e.contentWindow.postMessage({message:\"ready\",secret:t},\"*\")},!1)))}(window,document);\n\/\/# sourceURL=https:\/\/www.salvador-dali.org\/wp-includes\/js\/wp-embed.min.js\n<\/script>\n","thumbnail_url":"https:\/\/www.salvador-dali.org\/wp-content\/uploads\/2025\/05\/FestivalAcusticaxWeb_noticies_home_200_1024.jpg","thumbnail_width":137,"thumbnail_height":91,"description":"Le 10 juin dernier, le Festival Ac\u00fastica a pr\u00e9sent\u00e9 au Th\u00e9\u00e2tre-mus\u00e9e Dal\u00ed la production sp\u00e9ciale qui doit en comm\u00e9morer le 10e anniversaire. L\u2019acte a \u00e9t\u00e9 dirig\u00e9 par le journaliste Manel Fuentes, en pr\u00e9sence de Montse Aguer, directrice du Centre d\u2019\u00e9tudes daliniennes, des metteurs en sc\u00e8ne du spectacle, Xavi Pascual et Pep Blay, ainsi que de [&hellip;]"}