{"version":"1.0","provider_name":"Fundaci\u00f3 Gala - Salvador Dal\u00ed","provider_url":"https:\/\/www.salvador-dali.org\/fr\/","title":"Documents audiovisuels et sonores - Fundaci\u00f3 Gala - Salvador Dal\u00ed","type":"rich","width":600,"height":338,"html":"<blockquote class=\"wp-embedded-content\" data-secret=\"e7HEYyQfzh\"><a href=\"https:\/\/www.salvador-dali.org\/fr\/oeuvre\/ced\/fonds-documentaire\/documents-audiovisuels-et-sonores\/\">Documents audiovisuels et sonores<\/a><\/blockquote><iframe sandbox=\"allow-scripts\" security=\"restricted\" src=\"https:\/\/www.salvador-dali.org\/fr\/oeuvre\/ced\/fonds-documentaire\/documents-audiovisuels-et-sonores\/embed\/#?secret=e7HEYyQfzh\" width=\"600\" height=\"338\" title=\"\u00ab\u00a0Documents audiovisuels et sonores\u00a0\u00bb &#8212; Fundaci\u00f3 Gala - Salvador Dal\u00ed\" data-secret=\"e7HEYyQfzh\" frameborder=\"0\" marginwidth=\"0\" marginheight=\"0\" scrolling=\"no\" class=\"wp-embedded-content\"><\/iframe><script>\n\/*! This file is auto-generated *\/\n!function(d,l){\"use strict\";l.querySelector&&d.addEventListener&&\"undefined\"!=typeof URL&&(d.wp=d.wp||{},d.wp.receiveEmbedMessage||(d.wp.receiveEmbedMessage=function(e){var t=e.data;if((t||t.secret||t.message||t.value)&&!\/[^a-zA-Z0-9]\/.test(t.secret)){for(var s,r,n,a=l.querySelectorAll('iframe[data-secret=\"'+t.secret+'\"]'),o=l.querySelectorAll('blockquote[data-secret=\"'+t.secret+'\"]'),c=new RegExp(\"^https?:$\",\"i\"),i=0;i<o.length;i++)o[i].style.display=\"none\";for(i=0;i<a.length;i++)s=a[i],e.source===s.contentWindow&&(s.removeAttribute(\"style\"),\"height\"===t.message?(1e3<(r=parseInt(t.value,10))?r=1e3:~~r<200&&(r=200),s.height=r):\"link\"===t.message&&(r=new URL(s.getAttribute(\"src\")),n=new URL(t.value),c.test(n.protocol))&&n.host===r.host&&l.activeElement===s&&(d.top.location.href=t.value))}},d.addEventListener(\"message\",d.wp.receiveEmbedMessage,!1),l.addEventListener(\"DOMContentLoaded\",function(){for(var e,t,s=l.querySelectorAll(\"iframe.wp-embedded-content\"),r=0;r<s.length;r++)(t=(e=s[r]).getAttribute(\"data-secret\"))||(t=Math.random().toString(36).substring(2,12),e.src+=\"#?secret=\"+t,e.setAttribute(\"data-secret\",t)),e.contentWindow.postMessage({message:\"ready\",secret:t},\"*\")},!1)))}(window,document);\n\/\/# sourceURL=https:\/\/www.salvador-dali.org\/wp-includes\/js\/wp-embed.min.js\n<\/script>\n","thumbnail_url":"https:\/\/www.salvador-dali.org\/wp-content\/uploads\/2025\/03\/527___3_editora_50_3_1_10201020.jpg","thumbnail_width":949,"thumbnail_height":768,"description":"Le Centre d\u2019\u00c9tudes Daliniennes a pour objectif de recueillir et de cataloguer les documents audiovisuels ayant un lien plus ou moins direct avec Salvador Dal\u00ed. Le fonds est constitu\u00e9 de plus de 900 documents et comprend les films auxquels l\u2019artiste a particip\u00e9 activement, que ce soit dans la conception du film, la r\u00e9alisation, le sc\u00e9nario [&hellip;]"}