{"id":15183,"date":"2026-03-06T12:44:24","date_gmt":"2026-03-06T11:44:24","guid":{"rendered":"https:\/\/www.salvador-dali.org\/?page_id=15183"},"modified":"2026-03-06T13:47:07","modified_gmt":"2026-03-06T12:47:07","slug":"la-femme-visible","status":"publish","type":"page","link":"https:\/\/www.salvador-dali.org\/fr\/dali-et-gala\/gala\/la-femme-visible\/","title":{"rendered":"La femme visible\u00a0"},"content":{"rendered":"\n<div class=\"wp-block-columns global-column is-layout-flex wp-container-core-columns-is-layout-9d6595d7 wp-block-columns-is-layout-flex\">\n<div class=\"wp-block-column is-layout-flow wp-block-column-is-layout-flow\">\n<p class=\"entradeta\">Lorsque Gala entre dans la vie de Salvador Dal\u00ed, \u00e0 l&rsquo;\u00e9t\u00e9 1929, elle est d\u00e9j\u00e0 l&rsquo;une des muses les plus embl\u00e9matiques du mouvement surr\u00e9aliste. Son influence est telle que chaque fois qu&rsquo;un membre du groupe conna\u00eet le succ\u00e8s avec une \u0153uvre, il se dit que c&rsquo;est gr\u00e2ce \u00e0 elle. \u00c0 cette \u00e9poque, po\u00e8tes, peintres et photographes lui ont d\u00e9j\u00e0 d\u00e9di\u00e9 certaines de leurs \u0153uvres les plus remarquables. Son mari, le po\u00e8te Paul \u00c9luard, lui consacre ses vers les plus fascinants et les plus \u00e9nigmatiques. Le peintre Max Ernst la repr\u00e9sente dans son \u0153uvre <em>Au rendez-vous des amis<\/em> (1922), o\u00f9 elle est la seule femme pr\u00e9sente dans le portrait collectif du groupe surr\u00e9aliste. Le peintre m\u00e9taphysique Giorgio de Chirico salue et valorise son esprit brillant, tandis que Man Ray la capture dans l&rsquo;une de ses photographies les plus c\u00e9l\u00e8bres, qui sera incluse en 1930 dans le d\u00e9pliant promotionnel et le livre <em>La Femme visible<\/em> de Salvador Dal\u00ed.<\/p>\n<\/div>\n<\/div>\n\n\n\n<div class=\"wp-block-columns global-column contingut-ampliat centre is-layout-flex wp-container-core-columns-is-layout-9d6595d7 wp-block-columns-is-layout-flex\">\n<div class=\"wp-block-column is-layout-flow wp-block-column-is-layout-flow\" style=\"flex-basis:100%\">\n<div class=\"wp-block-buttons is-layout-flex wp-block-buttons-is-layout-flex\">\n<div class=\"wp-block-button contingut-ampliat-boto\"><a class=\"wp-block-button__link wp-element-button\">En savoir plus<\/a><\/div>\n<\/div>\n\n\n\n<div class=\"wp-block-columns contingut-ampliat-content is-layout-flex wp-container-core-columns-is-layout-9d6595d7 wp-block-columns-is-layout-flex\">\n<div class=\"wp-block-column is-layout-flow wp-block-column-is-layout-flow\">\n<figure class=\"wp-block-pullquote\"><blockquote><p>Et elle voulait quelque chose \u2014 quelque chose qui serait la consommation de son propre mythe \u2014. Et ce qu&rsquo;elle voulait \u00e9tait quelque chose que, \u00e0 mesure que je commen\u00e7ais \u00e0 y r\u00e9fl\u00e9chir, peut-\u00eatre moi seul pourrais lui donner !<\/p><cite>Salvador Dal\u00ed,<em>The Secret Life of Salvador Dal\u00ed<\/em>, Dial Press, New York, 1942<\/cite><\/blockquote><\/figure>\n\n\n\n<p>Avec son regard incisif et son intuition hors du commun, Gala per\u00e7oit instantan\u00e9ment en Dal\u00ed le grand artiste qu\u2019il peut devenir et pressent avec une clart\u00e9 remarquable la possibilit\u00e9 de faire na\u00eetre son propre mythe. C\u2019est pourquoi elle n\u2019h\u00e9site pas \u00e0 tout laisser derri\u00e8re elle, son mari, sa fille, une vie confortable \u00e0 Paris, pour se consacrer pleinement \u00e0 l\u2019ascension de cet artiste prometteur, lui offrant la confiance en lui-m\u00eame n\u00e9cessaire pour qu\u2019il devienne le r\u00e9novateur du surr\u00e9alisme et l\u2019un de ses plus grands repr\u00e9sentants. En retour, l\u2019artiste la transforme en la muse et destinataire de ses \u0153uvres majeures.<\/p>\n\n\n\n<p>Le parcours cr\u00e9atif de Dal\u00ed d\u00e9voile une image de Gala toujours changeante, insaisissable. Dans un jeu infini de masques, Gala devient plusieurs Galas: elle est Gradiva, l\u2019h\u00e9ro\u00efne \u00e9nigmatique du roman de W. Jensen, qui avance en d\u00e9signant la voie ; elle incarne la sphinx qui, sous sa peau, garde le secret de Dal\u00ed ; l\u2019objet du d\u00e9sir, l\u2019\u00e9ternelle silhouette, la s\u00e9r\u00e9nit\u00e9 d\u2019une architecture de la Renaissance, L\u00e9da Atomique, la Madone de Portlligat, la forteresse&#8230; Mais tous ces masques ne sont que mirages, trompe-l\u2019\u0153il. La femme visible, id\u00e9alis\u00e9e et sacralis\u00e9e, dissimule la femme r\u00e9elle, de chair et d\u2019os, qui \u0153uvre sans rel\u00e2che \u00e0 son projet le plus ambitieux : elle souhaite devenir une l\u00e9gende inscrite dans l\u2019histoire.<\/p>\n\n\n\n<div style=\"height:50px\" aria-hidden=\"true\" class=\"wp-block-spacer\"><\/div>\n<\/div>\n<\/div>\n<\/div>\n<\/div>\n\n\n\n<div class=\"wp-block-columns global-column is-layout-flex wp-container-core-columns-is-layout-9d6595d7 wp-block-columns-is-layout-flex\">\n<div class=\"wp-block-column is-layout-flow wp-block-column-is-layout-flow\">\n\n<script>var is_masonry=false;<\/script>\t\t\t\t\t<div class=\"swiper coeli-swiper-heritageobject coeli-swiper-agrupacions coeli-swiper-15030\" \t\t\t\tid=\"coeli-swiper-15030\">\n\t\t\t\t<!-- Additional required wrapper -->\n\t\t\t\t<ul class=\"swiper-wrapper coeli-result-list\" id=\"coeli-ul-agrupacio-15030\">\n\t\t\t\t\t<!-- Slides -->\n\t\t\t\t\t\t\t\t\t\t\t<li id=\"4321-f9cb\"\n\t\t\t\t\t\t\tclass=\"swiper-slide s-4 t-1 m-4\"><a href=\"https:\/\/www.salvador-dali.org\/heritageobject\/4321-f9cb\/\"><figure class=\"image portraitmedia-medium\"><img decoding=\"async\" alt=\"\" src=\"https:\/\/d1i5r06pd82mff.cloudfront.net\/public\/DigitalAsset\/19ca0adf-6628-6da7-3a1f-543b276900e9\/8dfd9ca1c7333d032e405b9668b9f343\/full\/medium\/0\/default.jpg\"><\/figure><p class=\"coeli-title\">Andr\u00e9 Breton, Robert Desnos, Joseph Delteil, Paul \u00c9luard, Gala, Max Morise, Max Ernst and Simone Breton at the Montmartre&rsquo;s Fair, Paris<\/p><p class=\"coeli-production-date\">c. 1923<\/p><\/a><\/li>\n\t\t\t\t\t\t\t\t\t\t\t<li id=\"12338\"\n\t\t\t\t\t\t\tclass=\"swiper-slide s-4 t-1 m-4\"><a href=\"https:\/\/www.salvador-dali.org\/heritageobject\/12338\/\"><figure class=\"image portraitmedia-medium\"><img decoding=\"async\" alt=\"\" src=\"https:\/\/d1i5r06pd82mff.cloudfront.net\/public\/DigitalAsset\/8ed841a2-4f7b-6c31-44de-772069ddc434\/8a40b3152a617833b1a660a66f70c69b\/full\/medium\/0\/default.jpg\"><\/figure><p class=\"coeli-title\">C\u00e9cile \u00c9luard, Gala, Max Ernst et personnage non identifi\u00e9 \u00e0 Eaubonne<\/p><p class=\"coeli-production-date\">c.1923<\/p><\/a><\/li>\n\t\t\t\t\t\t\t\t\t\t\t<li id=\"30573\"\n\t\t\t\t\t\t\tclass=\"swiper-slide s-4 t-1 m-4\"><a href=\"https:\/\/www.salvador-dali.org\/heritageobject\/30573\/\"><figure class=\"image portraitmedia-medium\"><img decoding=\"async\" alt=\"\" src=\"https:\/\/d1i5r06pd82mff.cloudfront.net\/public\/DigitalAsset\/55e03fd4-3e4e-52c6-9a9c-dcf3904a356a\/03e7b74f4440335056a8b873fac7f007\/full\/medium\/0\/default.jpg\"><\/figure><p class=\"coeli-title\">La Femme Visible<\/p><p class=\"coeli-production-actorsinrole-actors\">Dal\u00ed, Salvador<\/p><p class=\"coeli-production-date\">1930<\/p><\/a><\/li>\n\t\t\t\t\t\t\t\t\t\t\t<li id=\"6988\"\n\t\t\t\t\t\t\tclass=\"swiper-slide s-4 t-1 m-4\"><a href=\"https:\/\/www.salvador-dali.org\/heritageobject\/6988\/\"><figure class=\"image portraitmedia-medium\"><img decoding=\"async\" alt=\"\" src=\"https:\/\/d1i5r06pd82mff.cloudfront.net\/public\/DigitalAsset\/f5013e23-121d-7902-d0d4-af2d6e12e447\/5cb17336867df3d79f510df8fd004414\/full\/medium\/0\/default.jpg\"><\/figure><p class=\"coeli-title\">Gala<\/p><p class=\"coeli-production-actorsinrole-actors\">Dal\u00ed i Dom\u00e8nech, Salvador<\/p><p class=\"coeli-production-date\">1931<\/p><p class=\"coeli-creditLine\">Fundaci\u00f3 Gala-Salvador Dal\u00ed, Figueres<\/p><\/a><\/li>\n\t\t\t\t\t\t\t\t\t\t\t<li id=\"5683-baf7\"\n\t\t\t\t\t\t\tclass=\"swiper-slide s-4 t-1 m-4\"><a href=\"https:\/\/www.salvador-dali.org\/heritageobject\/5683-baf7\/\"><figure class=\"image portraitmedia-medium\"><img decoding=\"async\" alt=\"\" src=\"https:\/\/d1i5r06pd82mff.cloudfront.net\/public\/DigitalAsset\/7a658d12-cd47-c4fc-5557-b5dee3c3bc30\/99d07b5e6cbc2994d4c16d5a5b7fb5a6\/full\/medium\/0\/default.jpg\"><\/figure><p class=\"coeli-title\">..Gradiva&#8230; Illustration pour \u00ab\u00a0The Secret Life of Salvador Dal\u00ed\u00a0\u00bb<\/p><p class=\"coeli-production-actorsinrole-actors\">Dal\u00ed i Dom\u00e8nech, Salvador<\/p><p class=\"coeli-production-date\">[c. 1939-41]<\/p><\/a><\/li>\n\t\t\t\t\t\t\t\t\t\t\t<li id=\"54\"\n\t\t\t\t\t\t\tclass=\"swiper-slide s-4 t-1 m-4\"><a href=\"https:\/\/www.salvador-dali.org\/heritageobject\/54\/\"><figure class=\"image portraitmedia-medium\"><img decoding=\"async\" alt=\"\" src=\"https:\/\/d1i5r06pd82mff.cloudfront.net\/public\/DigitalAsset\/0fecc826-7664-359d-8014-e96e1cc8282d\/823791de4367c0ac58e11380fd26e10d\/full\/medium\/0\/default.jpg\"><\/figure><p class=\"coeli-title\">Gala Placidia<\/p><p class=\"coeli-production-actorsinrole-actors\">Dal\u00ed i Dom\u00e8nech, Salvador<\/p><p class=\"coeli-production-date\">1952<\/p><p class=\"coeli-creditLine\">Fundaci\u00f3 Gala-Salvador Dal\u00ed, Figueres<\/p><\/a><\/li>\n\t\t\t\t\t\t\t\t\t\t\t<li id=\"4544\"\n\t\t\t\t\t\t\tclass=\"swiper-slide s-4 t-1 m-4\"><a href=\"https:\/\/www.salvador-dali.org\/heritageobject\/4544\/\"><figure class=\"image portraitmedia-medium\"><img decoding=\"async\" alt=\"\" src=\"https:\/\/d1i5r06pd82mff.cloudfront.net\/public\/DigitalAsset\/472fcb12-7d7d-49cf-8de2-0a57e97fd136\/e4f414729be6d2b794fd54008b122dae\/full\/medium\/0\/default.jpg\"><\/figure><p class=\"coeli-title\">L&rsquo;immortalit\u00e9 <\/p><p class=\"coeli-production-actorsinrole-actors\">Dal\u00ed i Dom\u00e8nech, Salvador<\/p><p class=\"coeli-production-date\">1976<\/p><\/a><\/li>\n\t\t\t\t\t\t\t\t\t<\/ul>\n\t\t\t\t\t\t\t\t\t\t\t\t\t<!-- If we need navigation buttons -->\n\t\t\t\t\t<div class=\"swiper-button-prev coeli-swiper-prev-15030\"><\/div>\n\t\t\t\t\t<div class=\"swiper-button-next coeli-swiper-next-15030\"><\/div>\n\t\t\t\t\t\t\t<\/div>\n\t\t\t<script>\n\t\t\t\tvar slider_args_15030= {\n\t\t\t\t\t\/\/ Optional parameters\n\t\t\t\t\tdirection: 'horizontal',\n\t\t\t\t\tbreakpoints: {\n\t\t\t\t\t\t640: {\n\t\t\t\t\t\t\tslidesPerView: 1,\n\t\t\t\t\t\t\tspaceBetween: 0,\n\t\t\t\t\t\t},\n\t\t\t\t\t\t768: {\n\t\t\t\t\t\t\tslidesPerView: 1,\n\t\t\t\t\t\t\tspaceBetween: 0,\n\t\t\t\t\t\t},\n\t\t\t\t\t\t1024: {\n\t\t\t\t\t\t\tslidesPerView: 4,\n\t\t\t\t\t\t\tspaceBetween: 0,\n\t\t\t\t\t\t},\n\t\t\t\t\t},\n\t\t\t\t\t\t\t\t\t\tautoplay: {\n\t\t\t\t\t\tdelay: 2500000,\n\t\t\t\t\t\tdisableOnInteraction: false,\n\t\t\t\t\t},\n\t\t\t\t\t\t\t\t\t\t\t\t\t\t\t\t\t\t\t\tspeed: 300,\n\t\t\t\t\t\t\t\t\t\tloop: false,\n\t\t\t\t\t\/\/ If we need pagination\n\t\t\t\t\tpagination: {\n\t\t\t\t\t\tel: '.swiper-pagination-15030',\n\t\t\t\t\t},\n\t\t\t\t\t\/\/ Navigation arrows\n\t\t\t\t\tnavigation: {\n\t\t\t\t\t\tnextEl: '.coeli-swiper-next-15030',\n\t\t\t\t\t\tprevEl: '.coeli-swiper-prev-15030',\n\t\t\t\t\t}\n\t\t\t\t}\n\t\t\t<\/script>\n\t\t<\/div>\n<\/div>\n\n\n    <div  class=\"wp-block-columns swiper-column   destacat bloc-destacats \" style=\"background-image: linear-gradient(to right, white, white)\">\n        <div class=\"wp-block-column\">\n            <div id=\"swiper-69f358a102a25\" class=\"swiper destacats dues\" >\n                <div class=\"swiper-wrapper\">\n\n                                            <div class=\"swiper-slide intro\">\n                            <h2>En savoir plus sur Gala<\/h2>\n                            <div class=\"descripcio\"><p>D\u00e9couvrez les multiples facettes de Gala : muse, femme cultiv\u00e9e et insatiable, \u00e0 la fois figure publique et \u00e9nigmatique, cr\u00e9atrice d\u2019un univers esth\u00e9tique unique et \u00e9l\u00e9ment essentiel de la personnalit\u00e9 de Salvador Dal\u00ed. Nous vous d\u00e9voilons certains aspects moins connus de sa vie, une \u0153uvre en perp\u00e9tuelle \u00e9volution qui ne cesse de se r\u00e9inventer.<\/p>\n<\/div>\n                                                    <\/div>\n                    \n\n                    \n                        \n                        <div class=\"swiper-slide\">\n                                                            <div class=\"banner\" style=\"background-image: url(https:\/\/www.salvador-dali.org\/wp-content\/uploads\/2026\/03\/Els-origens-i-formacio-de-Gala-portada-e1769094235321-1024x973.jpg)\">\n                                                                            <ul class=\"context\">\n                                            <li class=\"context__item\" aria-label=\"hidden\">                                            <\/li>\n                                        <\/ul>\n                                    \n                                    <h3 class=\"titol\">Les origines et la formation de Gala<\/h3>\n                                        \n                                    <div class=\"button fletxa\"><a href=\"https:\/\/www.salvador-dali.org\/fr\/dali-et-gala\/gala\/les-origines-et-la-formation-de-gala\/\">En savoir plus<\/a><\/div>\n\n                                    \n                                <\/div>\n                                                    <\/div>\n\n                    \n                        \n                        <div class=\"swiper-slide\">\n                                                            <div class=\"banner\" style=\"background-image: url(https:\/\/www.salvador-dali.org\/wp-content\/uploads\/2026\/03\/Gala-Salvador-Dali-portada-1-scaled-1-827x1024.jpg)\">\n                                                                            <ul class=\"context\">\n                                            <li class=\"context__item\" aria-label=\"hidden\">                                            <\/li>\n                                        <\/ul>\n                                    \n                                    <h3 class=\"titol\">Gala-Salvador Dal\u00ed\u202f<\/h3>\n                                        \n                                    <div class=\"button fletxa\"><a href=\"https:\/\/www.salvador-dali.org\/fr\/dali-et-gala\/gala\/gala-salvador-dali\/\">En savoir plus<\/a><\/div>\n\n                                    \n                                <\/div>\n                                                    <\/div>\n\n                    \n                        \n                        <div class=\"swiper-slide\">\n                                                            <div class=\"banner\" style=\"background-image: url(https:\/\/www.salvador-dali.org\/wp-content\/uploads\/2026\/03\/Larxiu-de-moda-portada-e1769094108588-1024x780.jpg)\">\n                                                                            <ul class=\"context\">\n                                            <li class=\"context__item\" aria-label=\"hidden\">                                            <\/li>\n                                        <\/ul>\n                                    \n                                    <h3 class=\"titol\">Les archives de mode<\/h3>\n                                        \n                                    <div class=\"button fletxa\"><a href=\"https:\/\/www.salvador-dali.org\/fr\/dali-et-gala\/gala\/les-archives-de-mode\/\">En savoir plus<\/a><\/div>\n\n                                    \n                                <\/div>\n                                                    <\/div>\n\n                                    <\/div>\n                <!-- Swiper navigation buttons -->\n                <div class=\"swiper-button-prev\">\n                    <span class=\"screen-reader-text\">Diapositive pr\u00e9c\u00e9dente<\/span>\n                <\/div>\n                <div class=\"swiper-button-next\">\n                    <span class=\"screen-reader-text\">Diapositiva seg\u00fcent<\/span>\n                <\/div>\n            <\/div>\n        <\/div>\n    <\/div>\n\n\n\n<!-- Swiper JS -->\n<script src=\"https:\/\/cdn.jsdelivr.net\/npm\/swiper@11\/swiper-bundle.min.js\"><\/script>\n\n<!-- Initialize Swiper -->\n<script>\n\njQuery( document ).ready(function() {      \n\n    Tipus = 'destacat';\n\n    updateSpaceBetween();\n    spaceBetweenInicial = 60;\n    \n    if (Tipus=='intro-images' ) {\n    \/\/    spaceBetweenValueModul = 0;\n    }\n\n\n\n    console.log(\"spaceBetweenValueModul\",spaceBetweenValueModul);\n\n    var swiper = new Swiper(\"#swiper-69f358a102a25\", {\n      slidesPerView: \"auto\",\n      spaceBetween: spaceBetweenInicial,\n      \tfreeMode: true,\n\t  \tbreakpoints: {\n\t        \/\/ Quan l'amplada de la pantalla sigui major a 1024px\n\t        1024: {\n\t            spaceBetween: spaceBetweenValue,\n\t        },\n\t    },\n        \/\/ Navigation arrows\n        navigation: {\n            nextEl: '.swiper-button-next',\n            prevEl: '.swiper-button-prev',\n        },\n        mousewheel: {\n            releaseOnEdges: true,\n            forceToAxis: true,\n            sensitivity:    1,\n        },\n        a11y: {\n            prevSlideMessage: 'Diapositive pr\u00e9c\u00e9dente',\n            nextSlideMessage: 'Diapositiva seg\u00fcent',\n        },\n    });\n\n\n \n\n\n    \/*\n    jQuery('.bloc-destacats').each(function() {\n        const nextDiv = jQuery(this).next('div');\n        if (nextDiv.hasClass('contingut-ampliat')) {\n            console.log('T\u00e9 .contingut-ampliat despr\u00e9s');\n            \/\/ Aqu\u00ed pots fer accions, per exemple:\n            \/\/ $nextDiv.addClass('marcat'); o $(this).append($nextDiv);\n        }\n    });\n    *\/\n})\n<\/script>\n\n","protected":false},"excerpt":{"rendered":"<p>Lorsque Gala entre dans la vie de Salvador Dal\u00ed, \u00e0 l&rsquo;\u00e9t\u00e9 1929, elle est d\u00e9j\u00e0 l&rsquo;une des muses les plus embl\u00e9matiques du mouvement surr\u00e9aliste. Son influence est telle que chaque fois qu&rsquo;un membre du groupe conna\u00eet le succ\u00e8s avec une \u0153uvre, il se dit que c&rsquo;est gr\u00e2ce \u00e0 elle. \u00c0 cette \u00e9poque, po\u00e8tes, peintres et [&hellip;]<\/p>\n","protected":false},"author":19,"featured_media":15058,"parent":15021,"menu_order":2,"comment_status":"closed","ping_status":"closed","template":"","meta":{"_acf_changed":false,"_coblocks_attr":"","_coblocks_dimensions":"","_coblocks_responsive_height":"","_coblocks_accordion_ie_support":"","footnotes":""},"categories":[],"tags":[],"class_list":["post-15183","page","type-page","status-publish","has-post-thumbnail","hentry"],"acf":[],"yoast_head":"<!-- This site is optimized with the Yoast SEO plugin v27.5 - https:\/\/yoast.com\/product\/yoast-seo-wordpress\/ -->\n<title>La femme visible\u00a0 - Fundaci\u00f3 Gala - Salvador Dal\u00ed<\/title>\n<meta name=\"robots\" content=\"index, follow, max-snippet:-1, max-image-preview:large, max-video-preview:-1\" \/>\n<link rel=\"canonical\" href=\"https:\/\/www.salvador-dali.org\/fr\/dali-et-gala\/gala\/la-femme-visible\/\" \/>\n<meta property=\"og:locale\" content=\"fr_FR\" \/>\n<meta property=\"og:type\" content=\"article\" \/>\n<meta property=\"og:title\" content=\"La femme visible\u00a0 - Fundaci\u00f3 Gala - Salvador Dal\u00ed\" \/>\n<meta property=\"og:description\" content=\"Lorsque Gala entre dans la vie de Salvador Dal\u00ed, \u00e0 l&rsquo;\u00e9t\u00e9 1929, elle est d\u00e9j\u00e0 l&rsquo;une des muses les plus embl\u00e9matiques du mouvement surr\u00e9aliste. Son influence est telle que chaque fois qu&rsquo;un membre du groupe conna\u00eet le succ\u00e8s avec une \u0153uvre, il se dit que c&rsquo;est gr\u00e2ce \u00e0 elle. \u00c0 cette \u00e9poque, po\u00e8tes, peintres et [&hellip;]\" \/>\n<meta property=\"og:url\" content=\"https:\/\/www.salvador-dali.org\/fr\/dali-et-gala\/gala\/la-femme-visible\/\" \/>\n<meta property=\"og:site_name\" content=\"Fundaci\u00f3 Gala - Salvador Dal\u00ed\" \/>\n<meta property=\"article:publisher\" content=\"https:\/\/www.facebook.com\/MuseusDali\" \/>\n<meta property=\"article:modified_time\" content=\"2026-03-06T12:47:07+00:00\" \/>\n<meta property=\"og:image\" content=\"https:\/\/www.salvador-dali.org\/wp-content\/uploads\/2026\/03\/La-dona-visible-portada-e1769099927643.jpg\" \/>\n\t<meta property=\"og:image:width\" content=\"994\" \/>\n\t<meta property=\"og:image:height\" content=\"1373\" \/>\n\t<meta property=\"og:image:type\" content=\"image\/jpeg\" \/>\n<meta name=\"twitter:card\" content=\"summary_large_image\" \/>\n<meta name=\"twitter:site\" content=\"@MuseuDali\" \/>\n<meta name=\"twitter:label1\" content=\"Dur\u00e9e de lecture estim\u00e9e\" \/>\n\t<meta name=\"twitter:data1\" content=\"3 minutes\" \/>\n<script type=\"application\/ld+json\" class=\"yoast-schema-graph\">{\"@context\":\"https:\\\/\\\/schema.org\",\"@graph\":[{\"@type\":\"WebPage\",\"@id\":\"https:\\\/\\\/www.salvador-dali.org\\\/fr\\\/dali-et-gala\\\/gala\\\/la-femme-visible\\\/\",\"url\":\"https:\\\/\\\/www.salvador-dali.org\\\/fr\\\/dali-et-gala\\\/gala\\\/la-femme-visible\\\/\",\"name\":\"La femme visible\u00a0 - Fundaci\u00f3 Gala - Salvador Dal\u00ed\",\"isPartOf\":{\"@id\":\"https:\\\/\\\/www.salvador-dali.org\\\/fr\\\/#website\"},\"primaryImageOfPage\":{\"@id\":\"https:\\\/\\\/www.salvador-dali.org\\\/fr\\\/dali-et-gala\\\/gala\\\/la-femme-visible\\\/#primaryimage\"},\"image\":{\"@id\":\"https:\\\/\\\/www.salvador-dali.org\\\/fr\\\/dali-et-gala\\\/gala\\\/la-femme-visible\\\/#primaryimage\"},\"thumbnailUrl\":\"https:\\\/\\\/www.salvador-dali.org\\\/wp-content\\\/uploads\\\/2026\\\/03\\\/La-dona-visible-portada-e1769099927643.jpg\",\"datePublished\":\"2026-03-06T11:44:24+00:00\",\"dateModified\":\"2026-03-06T12:47:07+00:00\",\"breadcrumb\":{\"@id\":\"https:\\\/\\\/www.salvador-dali.org\\\/fr\\\/dali-et-gala\\\/gala\\\/la-femme-visible\\\/#breadcrumb\"},\"inLanguage\":\"fr-FR\",\"potentialAction\":[{\"@type\":\"ReadAction\",\"target\":[\"https:\\\/\\\/www.salvador-dali.org\\\/fr\\\/dali-et-gala\\\/gala\\\/la-femme-visible\\\/\"]}]},{\"@type\":\"ImageObject\",\"inLanguage\":\"fr-FR\",\"@id\":\"https:\\\/\\\/www.salvador-dali.org\\\/fr\\\/dali-et-gala\\\/gala\\\/la-femme-visible\\\/#primaryimage\",\"url\":\"https:\\\/\\\/www.salvador-dali.org\\\/wp-content\\\/uploads\\\/2026\\\/03\\\/La-dona-visible-portada-e1769099927643.jpg\",\"contentUrl\":\"https:\\\/\\\/www.salvador-dali.org\\\/wp-content\\\/uploads\\\/2026\\\/03\\\/La-dona-visible-portada-e1769099927643.jpg\",\"width\":994,\"height\":1373},{\"@type\":\"BreadcrumbList\",\"@id\":\"https:\\\/\\\/www.salvador-dali.org\\\/fr\\\/dali-et-gala\\\/gala\\\/la-femme-visible\\\/#breadcrumb\",\"itemListElement\":[{\"@type\":\"ListItem\",\"position\":1,\"name\":\"Inici\",\"item\":\"https:\\\/\\\/www.salvador-dali.org\\\/fr\\\/\"},{\"@type\":\"ListItem\",\"position\":2,\"name\":\"La femme visible\u00a0\"}]},{\"@type\":\"WebSite\",\"@id\":\"https:\\\/\\\/www.salvador-dali.org\\\/fr\\\/#website\",\"url\":\"https:\\\/\\\/www.salvador-dali.org\\\/fr\\\/\",\"name\":\"Fundaci\u00f3 Gala - Salvador Dal\u00ed\",\"description\":\"\",\"publisher\":{\"@id\":\"https:\\\/\\\/www.salvador-dali.org\\\/fr\\\/#organization\"},\"potentialAction\":[{\"@type\":\"SearchAction\",\"target\":{\"@type\":\"EntryPoint\",\"urlTemplate\":\"https:\\\/\\\/www.salvador-dali.org\\\/fr\\\/?s={search_term_string}\"},\"query-input\":{\"@type\":\"PropertyValueSpecification\",\"valueRequired\":true,\"valueName\":\"search_term_string\"}}],\"inLanguage\":\"fr-FR\"},{\"@type\":\"Organization\",\"@id\":\"https:\\\/\\\/www.salvador-dali.org\\\/fr\\\/#organization\",\"name\":\"Fundaci\u00f3 Gala - Salvador Dal\u00ed\",\"url\":\"https:\\\/\\\/www.salvador-dali.org\\\/fr\\\/\",\"logo\":{\"@type\":\"ImageObject\",\"inLanguage\":\"fr-FR\",\"@id\":\"https:\\\/\\\/www.salvador-dali.org\\\/fr\\\/#\\\/schema\\\/logo\\\/image\\\/\",\"url\":\"https:\\\/\\\/www.salvador-dali.org\\\/wp-content\\\/uploads\\\/2025\\\/04\\\/fundacio-gala-salvador-dali.png\",\"contentUrl\":\"https:\\\/\\\/www.salvador-dali.org\\\/wp-content\\\/uploads\\\/2025\\\/04\\\/fundacio-gala-salvador-dali.png\",\"width\":240,\"height\":240,\"caption\":\"Fundaci\u00f3 Gala - Salvador Dal\u00ed\"},\"image\":{\"@id\":\"https:\\\/\\\/www.salvador-dali.org\\\/fr\\\/#\\\/schema\\\/logo\\\/image\\\/\"},\"sameAs\":[\"https:\\\/\\\/www.facebook.com\\\/MuseusDali\",\"https:\\\/\\\/x.com\\\/MuseuDali\",\"https:\\\/\\\/www.youtube.com\\\/user\\\/FundacioDali\",\"https:\\\/\\\/www.flickr.com\\\/fundacio_dali\\\/\",\"https:\\\/\\\/instagram.com\\\/museudali\"]}]}<\/script>\n<!-- \/ Yoast SEO plugin. -->","yoast_head_json":{"title":"La femme visible\u00a0 - Fundaci\u00f3 Gala - Salvador Dal\u00ed","robots":{"index":"index","follow":"follow","max-snippet":"max-snippet:-1","max-image-preview":"max-image-preview:large","max-video-preview":"max-video-preview:-1"},"canonical":"https:\/\/www.salvador-dali.org\/fr\/dali-et-gala\/gala\/la-femme-visible\/","og_locale":"fr_FR","og_type":"article","og_title":"La femme visible\u00a0 - Fundaci\u00f3 Gala - Salvador Dal\u00ed","og_description":"Lorsque Gala entre dans la vie de Salvador Dal\u00ed, \u00e0 l&rsquo;\u00e9t\u00e9 1929, elle est d\u00e9j\u00e0 l&rsquo;une des muses les plus embl\u00e9matiques du mouvement surr\u00e9aliste. Son influence est telle que chaque fois qu&rsquo;un membre du groupe conna\u00eet le succ\u00e8s avec une \u0153uvre, il se dit que c&rsquo;est gr\u00e2ce \u00e0 elle. \u00c0 cette \u00e9poque, po\u00e8tes, peintres et [&hellip;]","og_url":"https:\/\/www.salvador-dali.org\/fr\/dali-et-gala\/gala\/la-femme-visible\/","og_site_name":"Fundaci\u00f3 Gala - Salvador Dal\u00ed","article_publisher":"https:\/\/www.facebook.com\/MuseusDali","article_modified_time":"2026-03-06T12:47:07+00:00","og_image":[{"width":994,"height":1373,"url":"https:\/\/www.salvador-dali.org\/wp-content\/uploads\/2026\/03\/La-dona-visible-portada-e1769099927643.jpg","type":"image\/jpeg"}],"twitter_card":"summary_large_image","twitter_site":"@MuseuDali","twitter_misc":{"Dur\u00e9e de lecture estim\u00e9e":"3 minutes"},"schema":{"@context":"https:\/\/schema.org","@graph":[{"@type":"WebPage","@id":"https:\/\/www.salvador-dali.org\/fr\/dali-et-gala\/gala\/la-femme-visible\/","url":"https:\/\/www.salvador-dali.org\/fr\/dali-et-gala\/gala\/la-femme-visible\/","name":"La femme visible\u00a0 - Fundaci\u00f3 Gala - Salvador Dal\u00ed","isPartOf":{"@id":"https:\/\/www.salvador-dali.org\/fr\/#website"},"primaryImageOfPage":{"@id":"https:\/\/www.salvador-dali.org\/fr\/dali-et-gala\/gala\/la-femme-visible\/#primaryimage"},"image":{"@id":"https:\/\/www.salvador-dali.org\/fr\/dali-et-gala\/gala\/la-femme-visible\/#primaryimage"},"thumbnailUrl":"https:\/\/www.salvador-dali.org\/wp-content\/uploads\/2026\/03\/La-dona-visible-portada-e1769099927643.jpg","datePublished":"2026-03-06T11:44:24+00:00","dateModified":"2026-03-06T12:47:07+00:00","breadcrumb":{"@id":"https:\/\/www.salvador-dali.org\/fr\/dali-et-gala\/gala\/la-femme-visible\/#breadcrumb"},"inLanguage":"fr-FR","potentialAction":[{"@type":"ReadAction","target":["https:\/\/www.salvador-dali.org\/fr\/dali-et-gala\/gala\/la-femme-visible\/"]}]},{"@type":"ImageObject","inLanguage":"fr-FR","@id":"https:\/\/www.salvador-dali.org\/fr\/dali-et-gala\/gala\/la-femme-visible\/#primaryimage","url":"https:\/\/www.salvador-dali.org\/wp-content\/uploads\/2026\/03\/La-dona-visible-portada-e1769099927643.jpg","contentUrl":"https:\/\/www.salvador-dali.org\/wp-content\/uploads\/2026\/03\/La-dona-visible-portada-e1769099927643.jpg","width":994,"height":1373},{"@type":"BreadcrumbList","@id":"https:\/\/www.salvador-dali.org\/fr\/dali-et-gala\/gala\/la-femme-visible\/#breadcrumb","itemListElement":[{"@type":"ListItem","position":1,"name":"Inici","item":"https:\/\/www.salvador-dali.org\/fr\/"},{"@type":"ListItem","position":2,"name":"La femme visible\u00a0"}]},{"@type":"WebSite","@id":"https:\/\/www.salvador-dali.org\/fr\/#website","url":"https:\/\/www.salvador-dali.org\/fr\/","name":"Fundaci\u00f3 Gala - Salvador Dal\u00ed","description":"","publisher":{"@id":"https:\/\/www.salvador-dali.org\/fr\/#organization"},"potentialAction":[{"@type":"SearchAction","target":{"@type":"EntryPoint","urlTemplate":"https:\/\/www.salvador-dali.org\/fr\/?s={search_term_string}"},"query-input":{"@type":"PropertyValueSpecification","valueRequired":true,"valueName":"search_term_string"}}],"inLanguage":"fr-FR"},{"@type":"Organization","@id":"https:\/\/www.salvador-dali.org\/fr\/#organization","name":"Fundaci\u00f3 Gala - Salvador Dal\u00ed","url":"https:\/\/www.salvador-dali.org\/fr\/","logo":{"@type":"ImageObject","inLanguage":"fr-FR","@id":"https:\/\/www.salvador-dali.org\/fr\/#\/schema\/logo\/image\/","url":"https:\/\/www.salvador-dali.org\/wp-content\/uploads\/2025\/04\/fundacio-gala-salvador-dali.png","contentUrl":"https:\/\/www.salvador-dali.org\/wp-content\/uploads\/2025\/04\/fundacio-gala-salvador-dali.png","width":240,"height":240,"caption":"Fundaci\u00f3 Gala - Salvador Dal\u00ed"},"image":{"@id":"https:\/\/www.salvador-dali.org\/fr\/#\/schema\/logo\/image\/"},"sameAs":["https:\/\/www.facebook.com\/MuseusDali","https:\/\/x.com\/MuseuDali","https:\/\/www.youtube.com\/user\/FundacioDali","https:\/\/www.flickr.com\/fundacio_dali\/","https:\/\/instagram.com\/museudali"]}]}},"_links":{"self":[{"href":"https:\/\/www.salvador-dali.org\/fr\/wp-json\/wp\/v2\/pages\/15183","targetHints":{"allow":["GET"]}}],"collection":[{"href":"https:\/\/www.salvador-dali.org\/fr\/wp-json\/wp\/v2\/pages"}],"about":[{"href":"https:\/\/www.salvador-dali.org\/fr\/wp-json\/wp\/v2\/types\/page"}],"author":[{"embeddable":true,"href":"https:\/\/www.salvador-dali.org\/fr\/wp-json\/wp\/v2\/users\/19"}],"replies":[{"embeddable":true,"href":"https:\/\/www.salvador-dali.org\/fr\/wp-json\/wp\/v2\/comments?post=15183"}],"version-history":[{"count":6,"href":"https:\/\/www.salvador-dali.org\/fr\/wp-json\/wp\/v2\/pages\/15183\/revisions"}],"predecessor-version":[{"id":15332,"href":"https:\/\/www.salvador-dali.org\/fr\/wp-json\/wp\/v2\/pages\/15183\/revisions\/15332"}],"up":[{"embeddable":true,"href":"https:\/\/www.salvador-dali.org\/fr\/wp-json\/wp\/v2\/pages\/15021"}],"wp:featuredmedia":[{"embeddable":true,"href":"https:\/\/www.salvador-dali.org\/fr\/wp-json\/wp\/v2\/media\/15058"}],"wp:attachment":[{"href":"https:\/\/www.salvador-dali.org\/fr\/wp-json\/wp\/v2\/media?parent=15183"}],"wp:term":[{"taxonomy":"category","embeddable":true,"href":"https:\/\/www.salvador-dali.org\/fr\/wp-json\/wp\/v2\/categories?post=15183"},{"taxonomy":"post_tag","embeddable":true,"href":"https:\/\/www.salvador-dali.org\/fr\/wp-json\/wp\/v2\/tags?post=15183"}],"curies":[{"name":"wp","href":"https:\/\/api.w.org\/{rel}","templated":true}]}}